{"id":1283,"date":"2018-12-17T18:48:20","date_gmt":"2018-12-17T17:48:20","guid":{"rendered":"http:\/\/www.darmbakterien-buch.de\/?page_id=1283"},"modified":"2018-12-17T18:51:34","modified_gmt":"2018-12-17T17:51:34","slug":"2018-vortraege-seminare-lesungen-wanderungen-fuehrungen","status":"publish","type":"page","link":"http:\/\/www.darmbakterien-buch.de\/en\/2018-vortraege-seminare-lesungen-wanderungen-fuehrungen\/","title":{"rendered":"2018 Vortr\u00e4ge, Seminare, Lesungen, Wanderungen und F\u00fchrungen"},"content":{"rendered":"<p>&nbsp;<\/p>\n<p><a href=\"http:\/\/www.darmbakterien-buch.de\/wp-content\/uploads\/2018\/09\/Veranstaltungen-Dr-Zschocke-2018-09.pdf\">Veranstaltungen Dr. Zschocke &#8211; Stand: Herbst 2018 (PDF)<\/a><\/p>\n<p>&nbsp;<\/p>\n<h3>Vortragsreihe in Arosa \/ Schweiz<\/h3>\n<ul>\n<li>Dienstag, 6. M\u00e4rz 2018:\u00a0\u201eDie Aufgabe der Bakterien f\u00fcr die Gesundheit des Menschen\u201c<\/li>\n<li>Mittwoch, 7. M\u00e4rz 2018:\u00a0\u201eEffektive Mikroorganismen: Was sie sind und wozu sie dienen\u201c<\/li>\n<li>Donnerstag, 8. M\u00e4rz 2018:\u00a0\u201eKrankheiten heilen mit Hilfe von Effektiven Mikroorganismen\u201c<\/li>\n<\/ul>\n<p>jeweils 18:15 \u2013 19:30 Uhr im Kulm-Hotel,\u00a07050 Arosa.<\/p>\n<p>Eine sch\u00f6ne Gelegenheit, um in der erholsamen B\u00fcndener Bergwelt ein paar\u00a0Tage gut umsorgt auszuspannen oder Ski zulaufen, und abends zu erfahren, wie man mit Bakterien heilt.<br \/>\n<strong>Info<\/strong>: Arosa Kulm-Hotel,\u00a0Telefon +41 (0) 81 3788888, <a href=\"http:\/\/www.arosakulm.ch\">www.arosakulm.ch,\u00a0<\/a><a href=\"http:\/\/www.darmbakterien-buch.de\/wp-content\/uploads\/2018\/02\/2018-Vortraege-Arosa.pdf\">2018-Vortraege-Arosa.pdf<\/a><\/p>\n<p>&nbsp;<\/p>\n<h3>Tagesseminar:\u00a0Bakterielle Gesundheit des Mundraums und M\u00f6glichkeiten der Mikrobiomkorrektur<\/h3>\n<p class=\"h2-top\">Effektive Mikoorganismen (EM) im praktischem Einsatz<\/p>\n<p><strong>Samstag, den 18. M\u00e4rz 2018 9:00 \u2013 16:00 Uhr, 53332 Rheinbach\u00a0<\/strong><\/p>\n<p>Die Gemeinschaft aller Bakterien im Mundraum, sein sogenanntes Mundmikrobiom, wird inzwischen als funktionelles Organ betrachtet. Es erf\u00fcllt wichtige Aufgaben nicht nur f\u00fcr Z\u00e4hne, Zahnfleisch und Schleimh\u00e4ute, sondern auch f\u00fcr alle weiteren Verdauungsorgane und die Atemwege. Das Mikrobiom reguliert Entz\u00fcndungsprozesse.<br \/>\n<strong>Dies revolutioniert das Bild von Mensch und Mikrobe in der Medizin grundlegend.\u00a0<a href=\"http:\/\/www.rrzf.de\/fortbildung_details.php?k_id=135\">mehr&#8230;<\/a><\/strong><\/p>\n<p><strong> Ort<\/strong>: Waldhotel Rheinbach,\u00a0\u00d6lm\u00fchlenweg 98, 53359 Rheinbach<br \/>\n<strong>Anmeldungen bei<\/strong>: RRzF Tilman Fritz, <a href=\"mailto:info@rrzf.de\">info@rrzf.de<\/a>, <a href=\"http:\/\/www.rrzf.de\/fortbildung_details.php?k_id=135\">www.rrzf.de<\/a><\/p>\n<p>&nbsp;<\/p>\n<div class=\"div_sold_out\">\n<p><img loading=\"lazy\" decoding=\"async\" class=\"alignleft sold_out size-full wp-image-811\" src=\"http:\/\/www.darmbakterien-buch.de\/wp-content\/uploads\/2014\/12\/ausgebucht-seminar.png\" alt=\"ausgebucht\" width=\"146\" height=\"87\" \/><\/p>\n<h3>Tagesseminar: Nat\u00fcrlich heilen mit Bakterien in Boden \u2013 Pflanze \u2013 Tier\u00a0\u2013\u00a0Mensch<\/h3>\n<p>Bakterien als Ursprung und f\u00fcr die Heilung alles Lebendigen<\/p>\n<p><strong>Samstag, den 24. M\u00e4rz 2018 9:30 \u2013 18:00 Uhr, 50169 Kerpen\u00a0<\/strong><\/p>\n<p>Es gibt auf der Erde kein Leben ohne Bakterien, aber f\u00fcr die Gesundheit kommt es ganz darauf an, welche es sind. Ihr Mangel oder ein Ungleichgewicht f\u00fchren zu St\u00f6rungen. Bringt man sie wieder ins Lot, stellt sich Gesundheit wieder ein. Dies gilt universell. Einzeller und K\u00f6rper- oder Pflanzenzellen kommunizieren st\u00e4ndig mit- und untereinander. Erst dadurch wird Stoffwechsel m\u00f6glich. Kennt man die Wege, auf denen sie kooperieren, kann man mit bakterieller Hilfe auf erstaunliche Weise Heilung bewirken. Wie man dies praktisch umsetzen kann, wird im Seminar anhand der Effektiven Mikroorganismen f\u00fcr Boden, Pflanzen, Tier und Mensch erkl\u00e4rt.<\/p>\n<p><strong> Ort<\/strong>: Kloster Horrem, Bildungshaus der Salvatorianerinnen, H\u00f6henweg 51, Kerpen-Horrem<br \/>\n<strong>Anmeldungen bei<\/strong>: Gaby Krain, Asternweg 22, 59229 Ahlen-Dolberg<br \/>\n<a href=\"mailto:gaby.krain@web.de\">gaby.krain@web.de<\/a>,\u00a0<a href=\"http:\/\/www.frei-und-vital.de\">www.frei-und-vital.de<\/a><\/p>\n<p><a href=\"http:\/\/www.darmbakterien-buch.de\/wp-content\/uploads\/2017\/12\/Seminar-Horrem-Natuerlich-heilen-mit-Bakterien-in-Boden-Pflanze-Tier-Mensch.pdf\">mehr&#8230;<\/a><\/p>\n<\/div>\n<p>&nbsp;<\/p>\n<h3>Sagenhafte Kakush\u00f6hle<\/h3>\n<p><strong>Sonntag den 15. April 2018 15 Uhr, 53894 Dreim\u00fchlen<\/strong><\/p>\n<p>\u00d6ffentliche F\u00fchrung zu Entstehung, Geschichte und Sagenwelt der H\u00f6hle.<br \/>\nDie Kakush\u00f6hle, bei Dreim\u00fchlen gelegen, ist ein stimmungsvoller Ort in malerischer Landschaft, Fundst\u00e4tte der \u00e4ltesten menschlichen Siedlungsspuren der Nordeifel und das \u00e4lteste Naturschutzgebiet der Region. Sie war zu allen Zeiten von Tieren und Menschen als Unterschlupf und Behausung genutzt, und fasziniert noch immer ihre Besucher. Heute ist sie ein bedeutendes Quartier f\u00fcr die vom Aussterben bedrohten Flederm\u00e4use.<\/p>\n<p><strong>Dauer<\/strong>: ca. 1 \u00bc Stunden<br \/>\n<strong>Treffpunkt<\/strong>: am Caf\u00e9 zur Kakush\u00f6hle (an der B 477 zwischen Mechernich-Eiserfey und Weyer)<br \/>\n<strong>Beitrag<\/strong>: 3,50 \u20ac pro Person<br \/>\n<strong>Anmeldung<\/strong>: nicht erforderlich<\/p>\n<p>&nbsp;<\/p>\n<h3>B\u00fccher Signierstunde<\/h3>\n<p><strong>Sonntag, 6. Mai 2018\u00a011-12 Uhr, 50374 Erftstadt-Friesheim<\/strong><\/p>\n<p>am EM-Stand von Marie-Therese Esser auf dem \u201eTag der Offenen T\u00fcr&#8221; (10-16 Uhr) im Umwelt- und Naturparkzentrum Friesheimer Busch.<br \/>\nB\u00fccher k\u00f6nnen mitgebracht oder dort erworben werden.<\/p>\n<p><strong>Flyer<\/strong>:\u00a0<a href=\"http:\/\/www.darmbakterien-buch.de\/wp-content\/uploads\/2018\/04\/Tag-der-offenen-Tuer_2018-Friesheimer-Busch.pdf\">Tag-der-offenen-T\u00fcr_2018-Friesheimer-Busch.pdf<\/a><br \/>\n<strong>Ort<\/strong>: Friesheimer Busch 1, <a href=\"http:\/\/www.umweltzentrum-erftstadt.de\">www.umweltzentrum-erftstadt.de<br \/>\n<\/a><\/p>\n<p>&nbsp;<\/p>\n<h3>Mai bei den Matronen<\/h3>\n<p><strong>Sonntag, 6. Mai 2018 14 Uhr, 53947 Nettersheim<\/strong><\/p>\n<p><strong>Wanderung<\/strong> rund um die Kultur- und Naturgeschichte der Matronenverehrung mit Besuch der arch\u00e4ologischen Sammlung des Naturzentrums Nettersheim.<br \/>\nNach einer Einf\u00fchrung in der arch\u00e4ologischen Ausstellung zu Hintergr\u00fcnden der Matronenverehrung in keltischer und r\u00f6mischer Zeit spazieren wir zum Matronentempel G\u00f6rresburg. Unterwegs betrachten wir den geschichtlichen Werdegang und das Urbild der Mutter, wie es noch immer in der Natur erfahren werden kann und folgen den Spuren der dreifachen G\u00f6ttin bis ins heutige Christentum. Dabei treffen wir auf ein modernes Matronenkunstwerk und entdecken immer wieder spannende Bez\u00fcge zwischen der alten Kultur und den Fragen des modernen Lebens. Auf dem rekonstruierten Tempelplatz mit Matronenweihesteinen l\u00e4sst sich die gegenw\u00e4rtige Qualit\u00e4t eines heiligen Ortes erleben. Picknick und Aufenthalt dort sind m\u00f6glich.<\/p>\n<p><strong>Treffpunkt<\/strong>: <a href=\"http:\/\/www.naturzentrum-eifel.de\">Naturzentrum<\/a>, Urftstra\u00dfe 2, 53947 Nettersheim<br \/>\n<strong>Dauer<\/strong>: circa 3 Stunden<br \/>\n<strong>Beitrag<\/strong>: 12,- \u20ac<br \/>\n<strong>Anmeldung<\/strong>: <a href=\"mailto:Naturzentrum@nettersheim.de\">Naturzentrum@nettersheim.de<\/a>, Telefon 02486-1246<\/p>\n<p>&nbsp;<\/p>\n<h3>Online-Kongre\u00df<\/h3>\n<p><strong>zug\u00e4nglich ab Mai 2018<\/strong><\/p>\n<p><strong>Interview-Film in drei Teilen zur Bedeutung der Bakterien\u00a0f\u00fcr die Erde und alles\u00a0Lebendige<\/strong>, mikrobielle Kommunikation, Entstehung von und Umgang mit resistenten\u00a0Bakterien, gesunde Hygiene, Mikrobiom und seine Bedeutung, Effektive Mikroorganismen\u00a0und ihre Anwendung in Boden, Pflanzen, Tier und Mensch, den Kreislauf des Lebendigen,<br \/>\nSchnecken im Garten, Ern\u00e4hrung, die Aufgabe des Helicobacter pylori und Einiges mehr.<\/p>\n<p><strong>Weitere Informationen und Zugang<\/strong> erh\u00e4lt man \u00fcber\u00a0<a href=\"http:\/\/promo.healing.212731.digistore24.com\/\" target=\"_blank\" rel=\"noopener\">promo.healing.212731.digistore24.com<\/a><\/p>\n<p>&nbsp;<\/p>\n<h3>Heilkundiges Wochenende<\/h3>\n<p><strong>in 17258 Feldberg \/ Mecklenburg (in der Feldberger\u00a0Seenlandschaft)<\/strong><\/p>\n<p><strong>Freitag, 6. Juli 2018 19:30 Uhr<\/strong><br \/>\n<strong>Vortrag<\/strong>: &#8220;Arm in Arm mit Deinem Darm. Darmbakterien als Schl\u00fcssel zur Gesundheit.&#8221;<\/p>\n<p><strong>Samstag, 7. Juli 2018 9:15 bis 17:30 Uhr<\/strong><br \/>\n<strong>Tagesseminar<\/strong>: &#8220;Nat\u00fcrlich heilen mit Bakterien in Boden, Pflanze, Tier und Mensch.&#8221;<br \/>\nSamstagabend: Beisammensein<\/p>\n<p><strong>Sonntag, 8. Juli 2018 circa 10 bis 13 Uhr<\/strong><br \/>\n<strong>Natur- und menschenkundliche Wanderung<\/strong>: &#8220;Wasserformen und Menschenbild&#8221;<\/p>\n<p><strong>Tagungsbeitrag<\/strong>: 245,- \u20ac (inclusive Pausengetr\u00e4nke, Mittagsimbi\u00df und Abendessen (ohne Getr\u00e4nke) am Samstag).<br \/>\n<strong>Seminarhaus<\/strong>: Bergstra\u00dfe 5 17258 Feldberger Seenlandschaft (Mecklenburg)<br \/>\nIm Haus gibt es einfache 2 und 3-Bett-Zimmer mit Gemeinschaftsb\u00e4dern und -k\u00fcche f\u00fcr 25 \u20ac p.P. \/ Nacht. Vollwertfr\u00fchst\u00fcck 8 \u20ac p.P\u00a0 \/d.<br \/>\nEs gibt ein lustiges Filmchen zum Seminarhaus: www.feldberg-tagungshaus.de<br \/>\nWeitere Unterk\u00fcnfte \u00fcber: Touristinformation Tel. 039831-2700 <a href=\"mailto:willkommen@feldberg.de\">willkommen@feldberg.de<\/a><\/p>\n<p><strong>Veranstalter<\/strong>:\u00a0Stefan Zinck,\u00a0<a href=\"mailto:stefan.zinck@gmail.com\">stefan.zinck@gmail.com<\/a>,\u00a0 Telefon 0171-3010755.<br \/>\nDer Vortrag am Freitagabend kann auch einzeln besucht werden. Beitrag: 12 \u20ac. Es wird Kartenvorverkauf empfohlen.<\/p>\n<p>&nbsp;<\/p>\n<h3>Naturkundliche Themenwanderung: \u201eWasser und seine Kraft zur Verwandlung\u201c<\/h3>\n<p><strong>Sonntag, den 22. Juli 2018 14 Uhr 53947 Nettersheim-Engelgau<\/strong><\/p>\n<p>Auf einem gem\u00fctlichen Spaziergang ins bl\u00fchende Genfbachtal betrachten wir die\u00a0verschiedenen Erscheinungsformen, die Wirkungen und das Flie\u00dfen des Wasser. Die Kraft\u00a0des Wassers kann aufbauen und fortrei\u00dfen. Es bringt Ver\u00e4nderungen mit sich. Sind seine\u00a0Kr\u00e4fte im Gleichgewicht, so formt Wasser lebendige Landschaften. Geraten sie ins\u00a0Ungleichgewicht wirkt es zerst\u00f6rend.<br \/>\nWie tr\u00e4gt der Mensch zu diesem Gleichgewicht bei?\u00a0Was f\u00fchrt zu den Unwettern mit so gewaltigen Wassermassen?<\/p>\n<p><strong>Leitung<\/strong>: Dr. Anne Katharina Zschocke<br \/>\n<strong>Treffpunkt<\/strong>: an der Kirche in Engelgau, Ahestra\u00dfe<br \/>\n<strong>Dauer<\/strong>: etwa 3 Stunden<br \/>\n<strong>Beitrag<\/strong>: nach eigenem Ermessen<\/p>\n<p>Die Wanderung findet bei jedem Wetter statt, Festes Schuhwerk wird empfohlen.\u00a0Abholung vom Bahnhof nach Vereinbarung m\u00f6glich<br \/>\n<strong>Kontakt<\/strong>: <a href=\"https:\/\/knu-euskirchen.de\/\">Kreisverband Natur und Umweltschutz e.V. Blankenheim<\/a>, Veronika Neumann: Telefon\u00a002449-1573<\/p>\n<p>&nbsp;<\/p>\n<h3>Beratung und Begegnung: am EM-Infostand<\/h3>\n<p><strong>Sonntag, 9. September 2018, 53909 Z\u00fclpich-Oberelvenich<\/strong><\/p>\n<p>Von 11-12 Uhr und 15-16 Uhr finden Sie mich am EM-Infostand von Marie-Therese Esser\u00a0auf dem Hoffest von Haus Bollheim (11-18 Uhr)<br \/>\n<strong>Info und Anfahrt<\/strong>:\u00a0<a href=\"http:\/\/www.bollheim.de\">bollheim.de<\/a><\/p>\n<p>&nbsp;<\/p>\n<h3>Seminar Heilen mit Bakterien (mit natur- und menschenkundlicher Wasserwanderung)<\/h3>\n<p><strong>21.-23. September 2018 in 3232 Ins im Berner Seenland \/Schweiz<\/strong><\/p>\n<p>Bakterien als Ursprung und f\u00fcr die Heilung alles Lebendigen.\u00a0Es gibt auf der Erde kein Leben ohne Bakterien, aber f\u00fcr die Gesundheit kommt es ganz<br \/>\ndarauf an, welche es sind. Ihr Mangel oder ein Ungleichgewicht f\u00fchren zu St\u00f6rungen. Bringt man sie wieder ins Lot, stellt sich Gesundheit wieder ein. Dies gilt universell. Einzeller und K\u00f6rper- oder Pflanzenzellen kommunizieren st\u00e4ndig mit- und untereinander.<br \/>\nErst dadurch wird Stoffwechsel m\u00f6glich. Kennt man die Wege, auf denen sie kooperieren, kann man mit bakterieller Hilfe auf erstaunliche Weise Heilung bewirken. Wie man dies praktisch umsetzen kann, wird im Seminar anhand der Effektiven Mikroorganismen f\u00fcr Boden, Pflanzen, Tier und Mensch erkl\u00e4rt.<br \/>\nDer Mensch ist ein Wasserwesen. In uns str\u00f6mt, schwimmt und flie\u00dft es. Zellgesundheit ist von best\u00e4ndigem Flu\u00df abh\u00e4ngig und Blockaden lassen uns erkranken.<br \/>\n<strong>Wie spiegelt sich dies in unserem Menschenbild? Was hat das mit den Bakterien zu tun?<\/strong><br \/>\nIn Medizin und Ern\u00e4hrungskunde wird der Mensch h\u00e4ufig wie ein Subjekt betrachtet, das aus Teilen zusammengesetzt ist. Welchen Einflu\u00df hat dieses Menschenbild auf unsere Beziehung zum Wassser?<br \/>\nAuf einer geruhsamen Wanderung zu Wasserorten in der Umgebung betrachten wir Flie\u00dfformen, Wellen und Str\u00f6mungsph\u00e4nomene. Die Wirkung der Wasserbewegungen und ihre Bedeutung f\u00fcr die Gesundheit werden anschaulich.<\/p>\n<p><strong>Beginn<\/strong> Freitagabend, Tagesseminar am Samstag, Wasserwanderung am Sonntag.\u00a0<a href=\"http:\/\/www.darmbakterien-buch.de\/seminar-heilen-mit-bakterien-schweiz-wasserwanderung\/#more-1121\">mehr&#8230;<\/a><br \/>\n<strong>Es laden ein<\/strong>: Lisa Engelberger und Gabriel Pf\u00e4ndler,\u00a0<a href=\"mailto:info@inslot.ch\">info@inslot.ch<\/a><\/p>\n<p>&nbsp;<\/p>\n<h3>Naturkundliche Themenwanderung<br \/>\nam Tag der deutschen Einheit<\/h3>\n<h3>Der Baum als lebendige Einheit<\/h3>\n<p><strong>Mittwoch, 3. Oktober 2018, 14 Uhr,\u00a0Ripsdorfer M\u00fchle im Schaafbachtal<\/strong><\/p>\n<p>Ein Baum ist mehr als Holz und Biomasse: Er w\u00e4chst in lebendiger Einheit.\u00a0Als Verbindung zwischen Himmel und Erde bildet er eine Welt f\u00fcr sich und<br \/>\nbietet Raum f\u00fcr weitere Pflanzen, Tiere und Mikroben. Auf einer gem\u00fctlichen\u00a0Wanderung (6 km) um Ripsdorf betrachten wir B\u00e4ume mit ihren<br \/>\nMitbewohnern. Was bedeuten sie f\u00fcr unser Leben und wie gehen wir damit\u00a0um? Mit jedem Baum, der, beispielsweise entlang von Wegen und Stra\u00dfen<br \/>\ngef\u00e4llt wird, verschwindet sein ganzer lebendiger Raum.<\/p>\n<p><strong>Treffpunkt<\/strong>: 14 Uhr am Abzweig Ripsdorfer M\u00fchle im Schaafbachtal, von\u00a0Ripsdorf in Richtung Nonnenbach<br \/>\n<strong>Dauer<\/strong>: circa 3 Stunden; Stabiles Schuhwerk empfohlen.\u00a0Abholung vom Bahnhof Blankenheim-Wald nach Absprache m\u00f6glich.<br \/>\n<strong>Kontakt<\/strong>: Veronika Neumann, Kreisverband Natur und Umweltschutz e.V.,\u00a0Blankenheim 0178-4589273<\/p>\n<div class=\"div_sold_out\">\n<p><img loading=\"lazy\" decoding=\"async\" class=\"alignleft sold_out size-full wp-image-811\" src=\"http:\/\/www.darmbakterien-buch.de\/wp-content\/uploads\/2014\/12\/ausgebucht-seminar.png\" alt=\"ausgebucht\" width=\"146\" height=\"87\" \/><\/p>\n<h3>Seminar: Nat\u00fcrlich heilen mit Bakterien<\/h3>\n<p><strong>Samstag, 3. November 2018, 14.30 \u2013 18.30 Uhr in 76530 Baden-Baden<\/strong><\/p>\n<p>Um das Wissen zum Mikrobiom therapeutisch erfolgreich einzusetzen ist es wichtig, das\u00a0Miteinander von Bakterien mit K\u00f6rperzellen, ihre Wechselwirkungen und medizinischen\u00a0Folgen zu kennen. Jeder Mensch hat ein individuelles Mikrobiom, das vernetzt zu einem\u00a0funktionellen Organ auf Reize als Ganzes reagiert. Zur Mikrobiomtherapie geh\u00f6rt ein\u00a0neues Bild des Menschen als Individuum und Ganzes zugleich. Er steht in einem Flie\u00dfgleichgewicht mit Bakterienaufnahme und -abgabe, das bei der Therapie zu\u00a0ber\u00fccksichtigen ist. Gesund sind Vielfalt, F\u00fclle und Dynamik der Bakterien sowie ihre\u00a0kommunikative Ordnung. Was die Eigenschaften und das Gleichgewicht des Mikrobioms\u00a0schw\u00e4cht f\u00fchrt zu den bekannten Mikrobiomerkrankungen. Ihr Wiederherstellen mit Hilfe\u00a0von Bakterien kann sie erfahrungsgem\u00e4\u00df heilen.<br \/>\nWie Mikrobiomtherapie gestaltet wird, welche Ebenen zu beachten sind, was dazugeh\u00f6rt\u00a0und wie sie praktisch am Beispiel der Effektiven Mikroorganismen durchgef\u00fchrt wird, wird\u00a0so erkl\u00e4rt, da\u00df sie in der Praxis von jedem Teilnehmenden praktiziert werden kann.<\/p>\n<p><strong>Ort<\/strong>: Kongresshaus Baden-Baden, Augustaplatz 10,\u00a0Im Rahmen der Medizinischen Woche 2018 <a href=\"http:\/\/www.medwoche.de\">www.medwoche.de<\/a><br \/>\n<strong>Anmeldung<\/strong> erforderlich z.B. unter: <a href=\"http:\/\/www.medwoche.de\/ticketbuchung.htm\">www.medwoche.de\/ticketbuchung.htm<\/a><\/p>\n<\/div>\n<h3>DAAO-Konvent 2018 (f\u00fcr Mitglieder der Deutsch-Amerikanischen Akademie\u00a0f\u00fcr Osteopathie)<\/h3>\n<p><strong>Samstag, den 10. November 2018 K\u00f6ln<\/strong><\/p>\n<div class=\"div_sold_out\"><img loading=\"lazy\" decoding=\"async\" class=\"alignleft sold_out size-full wp-image-811\" src=\"http:\/\/www.darmbakterien-buch.de\/wp-content\/uploads\/2014\/12\/ausgebucht-seminar.png\" alt=\"ausgebucht\" width=\"146\" height=\"87\" \/><br \/>\nVortrag: <strong>Neues in der Mikrobiomforschung \u2013 Die Bedeutung der Bakterien f\u00fcr\u00a0unsere Gesundheit<\/strong><br \/>\nDas Mikrobiom wird bei immer mehr Erkrankungen als Schl\u00fcssel zum\u00a0Verst\u00e4ndnis der \u00c4tiologie entdeckt. Dies fordert im \u00e4rztlichen Praxisalltag ein tiefgreifendes Umdenken. Gefragt sind Wissen \u00fcber komplexe\u00a0Mikrobiomeigenschaften und das Verst\u00e4ndnis der Zusammenh\u00e4nge zu den \u00fcbrigen Organsystemen. <a href=\"http:\/\/www.darmbakterien-buch.de\/vortrag-seminar-daao-konvent-2018\/\">mehr&#8230;<\/a><\/div>\n<div class=\"div_sold_out\"><img loading=\"lazy\" decoding=\"async\" class=\"alignleft sold_out size-full wp-image-811\" src=\"http:\/\/www.darmbakterien-buch.de\/wp-content\/uploads\/2014\/12\/ausgebucht-seminar.png\" alt=\"ausgebucht\" width=\"146\" height=\"87\" \/><br \/>\nSeminar:<strong>\u00a0Die Behandlung des Mikrobioms in der Osteopathie\u00a0<\/strong><br \/>\nBei jeder osteopathischen Behandlung wird unweigerlich das Mikrobiom des Patienten mitbehandelt. Der Zustand des Mikrobioms bestimmt zugleich den Behandlungserfolg mit. <a href=\"http:\/\/www.darmbakterien-buch.de\/vortrag-seminar-daao-konvent-2018\/#more-1128\">mehr&#8230;<\/a><\/div>\n<p>&nbsp;<\/p>\n<h3><\/h3>\n<h3>Tagesseminar:\u00a0Nat\u00fcrlich heilen mit Bakterien in Boden &#8211; Pflanze &#8211; Tier &#8211; Mensch<\/h3>\n<p><strong>Samstag, den 17. November 2018 53520 Wershofen (Eifel),\u00a09:30 &#8211; 18 Uhr<\/strong><\/p>\n<p>Bakterien als Ursprung und f\u00fcr die Heilung alles Lebendigen<br \/>\nGesundes Leben auf der Erde ist auf Bakterien angewiesen, es kommt aber darauf an, welche es jeweils sind. Ihr Mangel oder Ungleichgewicht f\u00fchren zu Krankheiten. Gleicht man sie wieder aus, kann sich Gesundheit wieder einstellen. Dies gilt universell, f\u00fcr Boden, Pflanzen, Tier und Mensch. Einzeller und K\u00f6rper- oder Pflanzenzellen kommunizieren st\u00e4ndig mit- und untereinander. Kennt man die Wege, auf denen sie kooperieren, kann bakterielle Hilfe auf einfache Weise Heilung herbeif\u00fchren. Wie man dies praktisch umsetzt, wird im Seminar anhand der Effektiven Mikroorganismen erkl\u00e4rt. Ob f\u00fcr Haustiere, Garten, Haushalt, Umwelt oder besonders f\u00fcr das eigene Wohlbefinden: Freuen Sie sich auf neue heilsame Perspektiven! <a href=\"http:\/\/www.darmbakterien-buch.de\/wp-content\/uploads\/2018\/09\/Zschocke-Natuerlich-heilen-mit-Bakterien-Wershofen.pdf\">mehr&#8230;<\/a><\/p>\n<p><strong>Beitrag<\/strong>: 120,- \u20ac inkl. Seminarpauschale und Getr\u00e4nke<br \/>\n<strong>Ort<\/strong>: Dorfgemeinschaftshaus, Nordstr. 17, 53520 Wershofen<br \/>\n<strong>Anmeldung an<\/strong>: Gaby Krain, Asternweg 22, 59229 Ahlen-Dolberg.\u00a0<a href=\"mailto:gaby.krain@web.de\">gaby.krain@web.de<\/a> und <a href=\"http:\/\/www.frei-und-vital.de\">www.frei-und-vital.de<\/a><br \/>\n<strong>Infos<\/strong>:\u00a0<a href=\"http:\/\/www.darmbakterien-buch.de\/wp-content\/uploads\/2018\/09\/Zschocke-Natuerlich-heilen-mit-Bakterien-Wershofen.pdf\">Zschocke-Tagesseminar-Wershofen-2018.pdf<\/a><br \/>\n<span id=\"2019\"><\/span><\/p>\n<p>&nbsp;<\/p>\n<h3>Interview:\u00a0Aufgaben der Bakterien und Heilen mit Bakterien in Boden-Pflanze-Tier und Mensch<\/h3>\n<p><strong>am 9. Dezember 2018 online<\/strong><\/p>\n<p>Als beliebtestes Interview beim Online-Nachhaltigkeitskongre\u00df von Green Revolution im Fr\u00fchsommer 2018 wurde das Gespr\u00e4ch mit mir in den &#8220;Best of Congress&#8221; aufgenommen. Man kann es vom 9. Dezember noch einmal gratis \u00fcber folgenden Link anschauen:<\/p>\n<p><a href=\"https:\/\/best-of-congress-collection.com\/\">best-of-congress-collection.com<\/a><\/p>\n<p>Das Interview besteht aus dreimal einer halben Stunde Gespr\u00e4ch rund um die Aufgaben der Bakterien und Heilen mit Bakterien in Boden-Pflanze-Tier und Mensch.<\/p>\n<p><a href=\"https:\/\/natuerlich-heilen-mit-bakterien.de\" rel=\"nofollow\">&lt; zur\u00fcck zu www.natuerlich-heilen-mit-Bakterien.de<\/a><\/p>\n<hr \/>\n<p><a href=\"http:\/\/www.darmbakterien-buch.de\/veranstaltungen-seminare\/\"><strong>Aktuelle Termine<\/strong><\/a><\/p>\n","protected":false},"excerpt":{"rendered":"<p>&nbsp; Veranstaltungen Dr. Zschocke &#8211; Stand: Herbst 2018 (PDF) &nbsp; Vortragsreihe in Arosa \/ Schweiz [&hellip;]<\/p>\n","protected":false},"author":2,"featured_media":0,"parent":0,"menu_order":0,"comment_status":"closed","ping_status":"closed","template":"","meta":{"footnotes":""},"class_list":["post-1283","page","type-page","status-publish","hentry"],"yoast_head":"<!-- This site is optimized with the Yoast SEO plugin v27.5 - https:\/\/yoast.com\/product\/yoast-seo-wordpress\/ -->\n<title>2018 Vortr\u00e4ge, Seminare, Lesungen, Wanderungen und F\u00fchrungen - Darmbakterien als Schl\u00fcssel zur Gesundheit, Dr. Zschocke<\/title>\n<meta name=\"robots\" content=\"index, follow, max-snippet:-1, max-image-preview:large, max-video-preview:-1\" \/>\n<link rel=\"canonical\" href=\"http:\/\/www.darmbakterien-buch.de\/en\/2018-vortraege-seminare-lesungen-wanderungen-fuehrungen\/\" \/>\n<meta property=\"og:locale\" content=\"en_US\" \/>\n<meta property=\"og:type\" content=\"article\" \/>\n<meta property=\"og:title\" content=\"2018 Vortr\u00e4ge, Seminare, Lesungen, Wanderungen und F\u00fchrungen - Darmbakterien als Schl\u00fcssel zur Gesundheit, Dr. Zschocke\" \/>\n<meta property=\"og:description\" content=\"&nbsp; Veranstaltungen Dr. Zschocke &#8211; Stand: Herbst 2018 (PDF) &nbsp; Vortragsreihe in Arosa \/ Schweiz [&hellip;]\" \/>\n<meta property=\"og:url\" content=\"http:\/\/www.darmbakterien-buch.de\/en\/2018-vortraege-seminare-lesungen-wanderungen-fuehrungen\/\" \/>\n<meta property=\"og:site_name\" content=\"Darmbakterien als Schl\u00fcssel zur Gesundheit\" \/>\n<meta property=\"article:modified_time\" content=\"2018-12-17T17:51:34+00:00\" \/>\n<meta property=\"og:image\" content=\"http:\/\/www.darmbakterien-buch.de\/wp-content\/uploads\/2014\/12\/ausgebucht-seminar.png\" \/>\n<meta name=\"twitter:label1\" content=\"Est. reading time\" \/>\n\t<meta name=\"twitter:data1\" content=\"10 minutes\" \/>\n<script type=\"application\/ld+json\" class=\"yoast-schema-graph\">{\"@context\":\"https:\\\/\\\/schema.org\",\"@graph\":[{\"@type\":\"WebPage\",\"@id\":\"http:\\\/\\\/www.darmbakterien-buch.de\\\/en\\\/2018-vortraege-seminare-lesungen-wanderungen-fuehrungen\\\/\",\"url\":\"http:\\\/\\\/www.darmbakterien-buch.de\\\/en\\\/2018-vortraege-seminare-lesungen-wanderungen-fuehrungen\\\/\",\"name\":\"2018 Vortr\u00e4ge, Seminare, Lesungen, Wanderungen und F\u00fchrungen - Darmbakterien als Schl\u00fcssel zur Gesundheit, Dr. Zschocke\",\"isPartOf\":{\"@id\":\"http:\\\/\\\/www.darmbakterien-buch.de\\\/pl\\\/#website\"},\"primaryImageOfPage\":{\"@id\":\"http:\\\/\\\/www.darmbakterien-buch.de\\\/en\\\/2018-vortraege-seminare-lesungen-wanderungen-fuehrungen\\\/#primaryimage\"},\"image\":{\"@id\":\"http:\\\/\\\/www.darmbakterien-buch.de\\\/en\\\/2018-vortraege-seminare-lesungen-wanderungen-fuehrungen\\\/#primaryimage\"},\"thumbnailUrl\":\"http:\\\/\\\/www.darmbakterien-buch.de\\\/wp-content\\\/uploads\\\/2014\\\/12\\\/ausgebucht-seminar.png\",\"datePublished\":\"2018-12-17T17:48:20+00:00\",\"dateModified\":\"2018-12-17T17:51:34+00:00\",\"breadcrumb\":{\"@id\":\"http:\\\/\\\/www.darmbakterien-buch.de\\\/en\\\/2018-vortraege-seminare-lesungen-wanderungen-fuehrungen\\\/#breadcrumb\"},\"inLanguage\":\"en-US\",\"potentialAction\":[{\"@type\":\"ReadAction\",\"target\":[\"http:\\\/\\\/www.darmbakterien-buch.de\\\/en\\\/2018-vortraege-seminare-lesungen-wanderungen-fuehrungen\\\/\"]}]},{\"@type\":\"ImageObject\",\"inLanguage\":\"en-US\",\"@id\":\"http:\\\/\\\/www.darmbakterien-buch.de\\\/en\\\/2018-vortraege-seminare-lesungen-wanderungen-fuehrungen\\\/#primaryimage\",\"url\":\"http:\\\/\\\/www.darmbakterien-buch.de\\\/wp-content\\\/uploads\\\/2014\\\/12\\\/ausgebucht-seminar.png\",\"contentUrl\":\"http:\\\/\\\/www.darmbakterien-buch.de\\\/wp-content\\\/uploads\\\/2014\\\/12\\\/ausgebucht-seminar.png\"},{\"@type\":\"BreadcrumbList\",\"@id\":\"http:\\\/\\\/www.darmbakterien-buch.de\\\/en\\\/2018-vortraege-seminare-lesungen-wanderungen-fuehrungen\\\/#breadcrumb\",\"itemListElement\":[{\"@type\":\"ListItem\",\"position\":1,\"name\":\"Home\",\"item\":\"http:\\\/\\\/www.darmbakterien-buch.de\\\/en\\\/\"},{\"@type\":\"ListItem\",\"position\":2,\"name\":\"2018 Vortr\u00e4ge, Seminare, Lesungen, Wanderungen und F\u00fchrungen\"}]},{\"@type\":\"WebSite\",\"@id\":\"http:\\\/\\\/www.darmbakterien-buch.de\\\/pl\\\/#website\",\"url\":\"http:\\\/\\\/www.darmbakterien-buch.de\\\/pl\\\/\",\"name\":\"Darmbakterien als Schl\u00fcssel zur Gesundheit\",\"description\":\"Buch von Dr. Anne Katharina Zschocke\",\"potentialAction\":[{\"@type\":\"SearchAction\",\"target\":{\"@type\":\"EntryPoint\",\"urlTemplate\":\"http:\\\/\\\/www.darmbakterien-buch.de\\\/pl\\\/?s={search_term_string}\"},\"query-input\":{\"@type\":\"PropertyValueSpecification\",\"valueRequired\":true,\"valueName\":\"search_term_string\"}}],\"inLanguage\":\"en-US\"}]}<\/script>\n<!-- \/ Yoast SEO plugin. -->","yoast_head_json":{"title":"2018 Vortr\u00e4ge, Seminare, Lesungen, Wanderungen und F\u00fchrungen - Darmbakterien als Schl\u00fcssel zur Gesundheit, Dr. Zschocke","robots":{"index":"index","follow":"follow","max-snippet":"max-snippet:-1","max-image-preview":"max-image-preview:large","max-video-preview":"max-video-preview:-1"},"canonical":"http:\/\/www.darmbakterien-buch.de\/en\/2018-vortraege-seminare-lesungen-wanderungen-fuehrungen\/","og_locale":"en_US","og_type":"article","og_title":"2018 Vortr\u00e4ge, Seminare, Lesungen, Wanderungen und F\u00fchrungen - Darmbakterien als Schl\u00fcssel zur Gesundheit, Dr. Zschocke","og_description":"&nbsp; Veranstaltungen Dr. Zschocke &#8211; Stand: Herbst 2018 (PDF) &nbsp; Vortragsreihe in Arosa \/ Schweiz [&hellip;]","og_url":"http:\/\/www.darmbakterien-buch.de\/en\/2018-vortraege-seminare-lesungen-wanderungen-fuehrungen\/","og_site_name":"Darmbakterien als Schl\u00fcssel zur Gesundheit","article_modified_time":"2018-12-17T17:51:34+00:00","og_image":[{"url":"http:\/\/www.darmbakterien-buch.de\/wp-content\/uploads\/2014\/12\/ausgebucht-seminar.png","type":"","width":"","height":""}],"twitter_misc":{"Est. reading time":"10 minutes"},"schema":{"@context":"https:\/\/schema.org","@graph":[{"@type":"WebPage","@id":"http:\/\/www.darmbakterien-buch.de\/en\/2018-vortraege-seminare-lesungen-wanderungen-fuehrungen\/","url":"http:\/\/www.darmbakterien-buch.de\/en\/2018-vortraege-seminare-lesungen-wanderungen-fuehrungen\/","name":"2018 Vortr\u00e4ge, Seminare, Lesungen, Wanderungen und F\u00fchrungen - Darmbakterien als Schl\u00fcssel zur Gesundheit, Dr. Zschocke","isPartOf":{"@id":"http:\/\/www.darmbakterien-buch.de\/pl\/#website"},"primaryImageOfPage":{"@id":"http:\/\/www.darmbakterien-buch.de\/en\/2018-vortraege-seminare-lesungen-wanderungen-fuehrungen\/#primaryimage"},"image":{"@id":"http:\/\/www.darmbakterien-buch.de\/en\/2018-vortraege-seminare-lesungen-wanderungen-fuehrungen\/#primaryimage"},"thumbnailUrl":"http:\/\/www.darmbakterien-buch.de\/wp-content\/uploads\/2014\/12\/ausgebucht-seminar.png","datePublished":"2018-12-17T17:48:20+00:00","dateModified":"2018-12-17T17:51:34+00:00","breadcrumb":{"@id":"http:\/\/www.darmbakterien-buch.de\/en\/2018-vortraege-seminare-lesungen-wanderungen-fuehrungen\/#breadcrumb"},"inLanguage":"en-US","potentialAction":[{"@type":"ReadAction","target":["http:\/\/www.darmbakterien-buch.de\/en\/2018-vortraege-seminare-lesungen-wanderungen-fuehrungen\/"]}]},{"@type":"ImageObject","inLanguage":"en-US","@id":"http:\/\/www.darmbakterien-buch.de\/en\/2018-vortraege-seminare-lesungen-wanderungen-fuehrungen\/#primaryimage","url":"http:\/\/www.darmbakterien-buch.de\/wp-content\/uploads\/2014\/12\/ausgebucht-seminar.png","contentUrl":"http:\/\/www.darmbakterien-buch.de\/wp-content\/uploads\/2014\/12\/ausgebucht-seminar.png"},{"@type":"BreadcrumbList","@id":"http:\/\/www.darmbakterien-buch.de\/en\/2018-vortraege-seminare-lesungen-wanderungen-fuehrungen\/#breadcrumb","itemListElement":[{"@type":"ListItem","position":1,"name":"Home","item":"http:\/\/www.darmbakterien-buch.de\/en\/"},{"@type":"ListItem","position":2,"name":"2018 Vortr\u00e4ge, Seminare, Lesungen, Wanderungen und F\u00fchrungen"}]},{"@type":"WebSite","@id":"http:\/\/www.darmbakterien-buch.de\/pl\/#website","url":"http:\/\/www.darmbakterien-buch.de\/pl\/","name":"Darmbakterien als Schl\u00fcssel zur Gesundheit","description":"Buch von Dr. Anne Katharina Zschocke","potentialAction":[{"@type":"SearchAction","target":{"@type":"EntryPoint","urlTemplate":"http:\/\/www.darmbakterien-buch.de\/pl\/?s={search_term_string}"},"query-input":{"@type":"PropertyValueSpecification","valueRequired":true,"valueName":"search_term_string"}}],"inLanguage":"en-US"}]}},"_links":{"self":[{"href":"http:\/\/www.darmbakterien-buch.de\/en\/wp-json\/wp\/v2\/pages\/1283","targetHints":{"allow":["GET"]}}],"collection":[{"href":"http:\/\/www.darmbakterien-buch.de\/en\/wp-json\/wp\/v2\/pages"}],"about":[{"href":"http:\/\/www.darmbakterien-buch.de\/en\/wp-json\/wp\/v2\/types\/page"}],"author":[{"embeddable":true,"href":"http:\/\/www.darmbakterien-buch.de\/en\/wp-json\/wp\/v2\/users\/2"}],"replies":[{"embeddable":true,"href":"http:\/\/www.darmbakterien-buch.de\/en\/wp-json\/wp\/v2\/comments?post=1283"}],"version-history":[{"count":4,"href":"http:\/\/www.darmbakterien-buch.de\/en\/wp-json\/wp\/v2\/pages\/1283\/revisions"}],"predecessor-version":[{"id":1289,"href":"http:\/\/www.darmbakterien-buch.de\/en\/wp-json\/wp\/v2\/pages\/1283\/revisions\/1289"}],"wp:attachment":[{"href":"http:\/\/www.darmbakterien-buch.de\/en\/wp-json\/wp\/v2\/media?parent=1283"}],"curies":[{"name":"wp","href":"https:\/\/api.w.org\/{rel}","templated":true}]}}