{"id":2373,"date":"2022-11-19T11:43:26","date_gmt":"2022-11-19T10:43:26","guid":{"rendered":"http:\/\/www.darmbakterien-buch.de\/?page_id=2373"},"modified":"2022-11-19T11:43:26","modified_gmt":"2022-11-19T10:43:26","slug":"2022-vortraege-seminare-lesungen-wanderungen-und-fuehrungen","status":"publish","type":"page","link":"http:\/\/www.darmbakterien-buch.de\/en\/2022-vortraege-seminare-lesungen-wanderungen-und-fuehrungen\/","title":{"rendered":"2022 Vortr\u00e4ge, Seminare, Lesungen, Wanderungen und F\u00fchrungen"},"content":{"rendered":"<p><strong>\u00dcbersicht<\/strong><\/p>\n<ul>\n<li><a href=\"#2022-01-01_Gesundheitsfernsehen\">ab 1.1. Interviews im Schweizer Gesundheitsfernsehen QS24<\/a><\/li>\n<li><a href=\"#2022-02-19_Koexistenz-Mikroben\">19.2. Kongre\u00dfvortrag: Friedliche Koexistenz und Mikrobiom<\/a><\/li>\n<li><a href=\"#2022-03-13_Mikroben-Gesundheit\">13.3. Tagesseminar: Bakterielle Gesundheit des Mundraums und M\u00f6glichkeiten der<\/a><\/li>\n<li><a href=\"#2022-05-8_Matronen_Eifel\">8.5. Muttertag bei den Matronen<\/a><\/li>\n<li><a href=\"#2022-05-14_Heilung-Mikrobiompflege\">13.5. Tagesseminar: Heilung mit dem Mikrobiom<\/a><\/li>\n<li><a href=\"#2022-07-03_Natuerlich-heilen-mit-Bakterien\">3.7. Nat\u00fcrlich heilen mit Bakterien<\/a><\/li>\n<li>17.7. Fragen und Antworten und Signieren<\/li>\n<li>11.9. Begegnung und B\u00fccher<\/li>\n<li><a href=\"#2022-09-20_Natuerlich-heilen-mit-Bakterien\">20.9. Tagesseminar Nat\u00fcrlich heilen mit Bakterien<\/a><\/li>\n<li>22.9. Tagesseminar Nat\u00fcrlich heilen mit Bakterien<\/li>\n<li>22.10. Kongre\u00dfvortrag: Friedliche Koexistenz und Mikrobiom<\/li>\n<li>28.10. Kongre\u00dfvortrag: Mikrobiom und Menschenbild<\/li>\n<\/ul>\n<p><span id=\"2022-01-01_Gesundheitsfernsehen\">\u00a0<\/span><\/p>\n<h3>Interviews im Schweizer Gesundheitsfernsehen QS24<\/h3>\n<p>Es werden zu mikrobiologischen Themen in loser Folge auch in 2022 Interviews im Schweizer Gesundheitsfernsehen QS24 gesendet.<br \/>\nSie finden sie zusammen mit den fr\u00fcheren Interviews auf der Seite <a href=\"http:\/\/www.darmbakterien-buch.de\/videos-buchpremiere\/\">Verschiedenes &gt; Videos<\/a><\/p>\n<p><span id=\"2022-02-19_Koexistenz-Mikroben\">\u00a0<\/span><\/p>\n<h3>Friedliche Koexistenz als Lebensprinzip im Mikrobiom und historische Missverst\u00e4ndnisse in der Bakteriologie.<\/h3>\n<p><em>abgesagt \/ verschoben<\/em><strong> Samstag, 19. Februar 2022, 9:45 Uhr, 34131 Kassel<\/strong><\/p>\n<p>Vortrag im Rahmen des Kongresses \u201eIta Wegman neu bedacht\u201c vom 18.-20. Februar 2022 <a href=\"http:\/\/www.darmbakterien-buch.de\/wp-content\/uploads\/2022\/01\/Ita-Wegman-neu-bedacht-GAAeD-Kongress-Kassel-18.-20.2.2022.pdf\">mehr\u2026<\/a><\/p>\n<p><a href=\"https:\/\/www.gaed.de\/Ita-Wegman-Kongress\">https:\/\/www.gaed.de\/Ita-Wegman-Kongress<\/a><\/p>\n<p>&nbsp;<\/p>\n<h3>Tagesseminar:\u00a0Bakterielle Gesundheit des Mundraums und M\u00f6glichkeiten der Mikrobiomkorrektur<\/h3>\n<p class=\"h2-top\">Effektive Mikoorganismen (EM) im praktischem Einsatz<\/p>\n<p><strong><em>abgesagt<\/em> Sonntag, 13. M\u00e4rz 2022, 9 &#8211; 16 Uhr, 53332 Rheinbach\u00a0<\/strong><\/p>\n<p>Die Gemeinschaft aller Bakterien im Mundraum, sein sogenanntes Mundmikrobiom, wird inzwischen als funktionelles Organ betrachtet. Es erf\u00fcllt wichtige Aufgaben nicht nur f\u00fcr Z\u00e4hne, Zahnfleisch und Schleimh\u00e4ute, sondern auch f\u00fcr alle weiteren Verdauungsorgane und die Atemwege. Das Mikrobiom reguliert Entz\u00fcndungsprozesse.<br \/>\n<strong>Dies revolutioniert das Bild von Mensch und Mikrobe in der Medizin grundlegend.\u00a0<\/strong><a href=\"https:\/\/www.rrzf.de\/fortbildung.php\">mehr&#8230;<\/a><\/p>\n<p><strong> Ort<\/strong>: Waldhotel Rheinbach,\u00a0\u00d6lm\u00fchlenweg 98, 53359 Rheinbach<br \/>\n<strong>Anmeldungen bei<\/strong>: RRzF Tilman Fritz, <a href=\"mailto:info@rrzf.de\">info@rrzf.de<\/a>, <a href=\"https:\/\/www.rrzf.de\/fortbildung.php\">www.rrzf.de<\/a><\/p>\n<p><span id=\"2022-05-8_Matronen_Eifel\">\u00a0<\/span><\/p>\n<h3>Muttertag bei den Matronen<\/h3>\n<p><strong>Sonntag, 8. Mai 2022, 14 Uhr, 53947 Nettersheim<\/strong><\/p>\n<p><strong>Wanderung<\/strong> rund um die Kultur- und Naturgeschichte der Matronenverehrung mit Besuch der arch\u00e4ologischen Sammlung des Naturzentrums Nettersheim. <a href=\"http:\/\/www.darmbakterien-buch.de\/mai-bei-den-matronen\/\">mehr&#8230;<\/a><\/p>\n<p><span id=\"2022-05-14_Heilung-Mikrobiompflege\">\u00a0<\/span><\/p>\n<h3>Heilung mit dem Mikrobiom<\/h3>\n<p><strong>Samstag, den 14. Mai 2022,\u00a0 9-16 Uhr, CH-4600 Olten, Schweiz<\/strong><\/p>\n<p>Seminar im Rahmen des Gesundheitstag des EM-Verein Schweiz <a href=\"http:\/\/www.darmbakterien-buch.de\/tagesseminar-heilung-durch-mikrobiompflege\/\">mehr&#8230;<\/a><\/p>\n<p><b>Infos unter: <\/b><a href=\"http:\/\/www.em-verein.ch\/\">www.em-verein.ch<\/a>, <a href=\"mailto:sekretariat@em-verein.ch\">sekretariat@em-verein.ch<\/a><br \/>\n<b>Anmeldung<\/b>: <a href=\"http:\/\/www.darmbakterien-buch.de\/wp-content\/uploads\/2022\/02\/Anmeldung-EM-Gesundheitstag_Heilung-mit-dem-Mikrobiom-14-05-2022.pdf\">Anmeldeformular als PDF herunterladen<\/a><\/p>\n<p><span id=\"2022-07-03_Natuerlich-heilen-mit-Bakterien\">\u00a0<\/span><\/p>\n<h3>Nat\u00fcrlich heilen mit Bakterien<\/h3>\n<p><strong>Sonntag, den 3. Juli 2022,\u00a0 8:45 &#8211; 17:15 Uhr, St. Gallen, Schweiz<\/strong><\/p>\n<p>Tagesseminar in der Schweiz <a href=\"https:\/\/www.phytomed.ch\/aus-weiterbildungen\/show\/SPEZ_610_22_N_SG?cHash=c56da7455e64e83861d2a3394a0f9706\">mehr&#8230;<\/a><\/p>\n<p><b>Infos und Anmeldung: <a href=\"https:\/\/www.phytomed.ch\/aus-weiterbildungen\/show\/SPEZ_610_22_N_SG?cHash=c56da7455e64e83861d2a3394a0f9706\" target=\"_blank\" rel=\"noopener\" data-saferedirecturl=\"https:\/\/www.google.com\/url?q=https:\/\/www.phytomed.ch\/aus-weiterbildungen\/show\/SPEZ_610_22_N_SG?cHash%3Dc56da7455e64e83861d2a3394a0f9706&amp;source=gmail&amp;ust=1654234480120000&amp;usg=AOvVaw1Ve1zqGZW7-XDKGUrDYEw3\">Nat\u00fcrlich heilen mit Bakterien | Phytomed<\/a><\/b><\/p>\n<p>&nbsp;<\/p>\n<h3>Fragen, Antworten und Signieren<\/h3>\n<p><strong>Sonntag, den 17. Juli 2022, 12- 16 Uhr Nettersheim, Eifel,<br \/>\n<\/strong><\/p>\n<p>&#8220;Nettersheim l\u00e4dt ein&#8221; Erinnern &#8211; Erleben &#8211; Gestalten. Ein Jahr nach der Flut. Ich beantworte Ihre Fragen zu EM-Flut-Sanierungsfragen und signiere meine B\u00fccher. Herzlich willkommen am Stand in der Steinfelder Stra\u00dfe!<\/p>\n<p>&nbsp;<\/p>\n<h3>Begegnung und B\u00fccher am EM-Infostand<\/h3>\n<p><strong>Sonntag, 11. September 2022, 53909 Z\u00fclpich-Oberelvenich<\/strong><\/p>\n<p>Von 11-12 Uhr und 15-16 Uhr finden Sie mich am EM-Infostand von Marie-Therese\u00a0Esser\u00a0auf dem Hoffest von Haus Bollheim (11-18 Uhr)<\/p>\n<p><strong>Info und Anfahrt:\u00a0 <\/strong><a href=\"https:\/\/www.bollheim.de\/\">bollheim.de<\/a><\/p>\n<p>&nbsp;<\/p>\n<h3>Nat\u00fcrlich heilen mit Bakterien<\/h3>\n<p><strong>Dienstag, den 20. September 2022,\u00a0 8:45 &#8211; 17:15 Uhr, Hasle \/Burgdorf , Schweiz<\/strong><\/p>\n<p>Tagesseminar in der Schweiz <a href=\"https:\/\/www.phytomed.ch\/aus-weiterbildungen\/show\/SPEZ_610_22_N?cHash=db664bd7dcea4f48bcba9eadaea4f437\">mehr&#8230;<\/a><\/p>\n<p><b>Infos und Anmeldung: <a href=\"https:\/\/www.phytomed.ch\/aus-weiterbildungen\/show\/SPEZ_610_22_N?cHash=db664bd7dcea4f48bcba9eadaea4f437\" target=\"_blank\" rel=\"noopener\" data-saferedirecturl=\"https:\/\/www.google.com\/url?q=https:\/\/www.phytomed.ch\/aus-weiterbildungen\/show\/SPEZ_610_22_N_SG?cHash%3Dc56da7455e64e83861d2a3394a0f9706&amp;source=gmail&amp;ust=1654234480120000&amp;usg=AOvVaw1Ve1zqGZW7-XDKGUrDYEw3\">Nat\u00fcrlich heilen mit Bakterien | Phytomed<\/a><\/b><\/p>\n<p>&nbsp;<\/p>\n<h3>Nat\u00fcrlich heilen mit Bakterien<\/h3>\n<p><strong>Donnerstag, den 22. September 2022,\u00a0 8:45 &#8211; 17:15 Uhr, St. Gallen, Schweiz<\/strong><\/p>\n<p>Tagesseminar in der Schweiz <a href=\"https:\/\/www.phytomed.ch\/aus-weiterbildungen\/show\/SPEZ_610_22_N?cHash=db664bd7dcea4f48bcba9eadaea4f437\">mehr&#8230;<\/a><\/p>\n<p><b>Infos und Anmeldung: <a href=\"https:\/\/www.phytomed.ch\/aus-weiterbildungen\/show\/SPEZ_610_22_N?cHash=db664bd7dcea4f48bcba9eadaea4f437\" target=\"_blank\" rel=\"noopener\" data-saferedirecturl=\"https:\/\/www.google.com\/url?q=https:\/\/www.phytomed.ch\/aus-weiterbildungen\/show\/SPEZ_610_22_N_SG?cHash%3Dc56da7455e64e83861d2a3394a0f9706&amp;source=gmail&amp;ust=1654234480120000&amp;usg=AOvVaw1Ve1zqGZW7-XDKGUrDYEw3\">Nat\u00fcrlich heilen mit Bakterien | Phytomed<\/a><\/b><\/p>\n<p>&nbsp;<\/p>\n<h3>Friedliche Koexistenz als Lebensprinzip im Mikrobiom und historische Missverst\u00e4ndnisse in der Bakteriologie.<\/h3>\n<p><strong>Samstag, 22. Oktober 2022, 9:45 Uhr, 34131 Kassel <\/strong>(<em>verschoben vom 19. Februar)<\/em><\/p>\n<p>Vortrag im Rahmen des Kongresses \u201eIta Wegman neu bedacht\u201c vom 21.-23. Oktober 2022 <a href=\"http:\/\/www.darmbakterien-buch.de\/wp-content\/uploads\/2022\/01\/Ita-Wegman-neu-bedacht-GAAeD-Kongress-Kassel-18.-20.2.2022.pdf\">mehr\u2026<\/a><\/p>\n<p><a href=\"https:\/\/www.gaed.de\/Ita-Wegman-Kongress\">https:\/\/www.gaed.de\/Ita-Wegman-Kongress<\/a><\/p>\n<p>&nbsp;<\/p>\n<h3>Vortrag: \u201eMikrobiom und Menschenbild\u201c<\/h3>\n<p><strong>Freitag, den 28. Oktober 2022, 17 Uhr, 76530 Baden-Baden<\/strong><\/p>\n<p>im Rahmen der Tagung F.X. Mayr\u00a0 <a href=\"http:\/\/www.darmbakterien-buch.de\/vortrag-mikrobiom-und-menschenbild-2021\/\">mehr\u2026 <\/a><\/p>\n<p><a href=\"https:\/\/natuerlich-heilen-mit-bakterien.de\">&lt; zur\u00fcck zu www.natuerlich-heilen-mit-Bakterien.de<\/a><\/p>\n<p>&nbsp;<\/p>\n<p>~<br \/>\n<img loading=\"lazy\" decoding=\"async\" src=\"https:\/\/vg07.met.vgwort.de\/na\/421a118daad7416f8e5c57002949a81e\" alt=\"\" width=\"1\" height=\"1\" \/><\/p>\n","protected":false},"excerpt":{"rendered":"<p>\u00dcbersicht ab 1.1. Interviews im Schweizer Gesundheitsfernsehen QS24 19.2. Kongre\u00dfvortrag: Friedliche Koexistenz und Mikrobiom 13.3. [&hellip;]<\/p>\n","protected":false},"author":2,"featured_media":0,"parent":0,"menu_order":0,"comment_status":"closed","ping_status":"closed","template":"","meta":{"footnotes":""},"class_list":["post-2373","page","type-page","status-publish","hentry"],"yoast_head":"<!-- This site is optimized with the Yoast SEO plugin v27.5 - https:\/\/yoast.com\/product\/yoast-seo-wordpress\/ -->\n<title>2022 Vortr\u00e4ge, Seminare, Lesungen, Wanderungen und F\u00fchrungen - Darmbakterien als Schl\u00fcssel zur Gesundheit, Dr. Zschocke<\/title>\n<meta name=\"robots\" content=\"index, follow, max-snippet:-1, max-image-preview:large, max-video-preview:-1\" \/>\n<link rel=\"canonical\" href=\"http:\/\/www.darmbakterien-buch.de\/en\/2022-vortraege-seminare-lesungen-wanderungen-und-fuehrungen\/\" \/>\n<meta property=\"og:locale\" content=\"en_US\" \/>\n<meta property=\"og:type\" content=\"article\" \/>\n<meta property=\"og:title\" content=\"2022 Vortr\u00e4ge, Seminare, Lesungen, Wanderungen und F\u00fchrungen - Darmbakterien als Schl\u00fcssel zur Gesundheit, Dr. Zschocke\" \/>\n<meta property=\"og:description\" content=\"\u00dcbersicht ab 1.1. Interviews im Schweizer Gesundheitsfernsehen QS24 19.2. Kongre\u00dfvortrag: Friedliche Koexistenz und Mikrobiom 13.3. [&hellip;]\" \/>\n<meta property=\"og:url\" content=\"http:\/\/www.darmbakterien-buch.de\/en\/2022-vortraege-seminare-lesungen-wanderungen-und-fuehrungen\/\" \/>\n<meta property=\"og:site_name\" content=\"Darmbakterien als Schl\u00fcssel zur Gesundheit\" \/>\n<meta property=\"og:image\" content=\"https:\/\/vg07.met.vgwort.de\/na\/421a118daad7416f8e5c57002949a81e\" \/>\n<meta name=\"twitter:label1\" content=\"Est. reading time\" \/>\n\t<meta name=\"twitter:data1\" content=\"4 minutes\" \/>\n<script type=\"application\/ld+json\" class=\"yoast-schema-graph\">{\"@context\":\"https:\\\/\\\/schema.org\",\"@graph\":[{\"@type\":\"WebPage\",\"@id\":\"http:\\\/\\\/www.darmbakterien-buch.de\\\/en\\\/2022-vortraege-seminare-lesungen-wanderungen-und-fuehrungen\\\/\",\"url\":\"http:\\\/\\\/www.darmbakterien-buch.de\\\/en\\\/2022-vortraege-seminare-lesungen-wanderungen-und-fuehrungen\\\/\",\"name\":\"2022 Vortr\u00e4ge, Seminare, Lesungen, Wanderungen und F\u00fchrungen - Darmbakterien als Schl\u00fcssel zur Gesundheit, Dr. Zschocke\",\"isPartOf\":{\"@id\":\"http:\\\/\\\/www.darmbakterien-buch.de\\\/pl\\\/#website\"},\"primaryImageOfPage\":{\"@id\":\"http:\\\/\\\/www.darmbakterien-buch.de\\\/en\\\/2022-vortraege-seminare-lesungen-wanderungen-und-fuehrungen\\\/#primaryimage\"},\"image\":{\"@id\":\"http:\\\/\\\/www.darmbakterien-buch.de\\\/en\\\/2022-vortraege-seminare-lesungen-wanderungen-und-fuehrungen\\\/#primaryimage\"},\"thumbnailUrl\":\"https:\\\/\\\/vg07.met.vgwort.de\\\/na\\\/421a118daad7416f8e5c57002949a81e\",\"datePublished\":\"2022-11-19T10:43:26+00:00\",\"breadcrumb\":{\"@id\":\"http:\\\/\\\/www.darmbakterien-buch.de\\\/en\\\/2022-vortraege-seminare-lesungen-wanderungen-und-fuehrungen\\\/#breadcrumb\"},\"inLanguage\":\"en-US\",\"potentialAction\":[{\"@type\":\"ReadAction\",\"target\":[\"http:\\\/\\\/www.darmbakterien-buch.de\\\/en\\\/2022-vortraege-seminare-lesungen-wanderungen-und-fuehrungen\\\/\"]}]},{\"@type\":\"ImageObject\",\"inLanguage\":\"en-US\",\"@id\":\"http:\\\/\\\/www.darmbakterien-buch.de\\\/en\\\/2022-vortraege-seminare-lesungen-wanderungen-und-fuehrungen\\\/#primaryimage\",\"url\":\"https:\\\/\\\/vg07.met.vgwort.de\\\/na\\\/421a118daad7416f8e5c57002949a81e\",\"contentUrl\":\"https:\\\/\\\/vg07.met.vgwort.de\\\/na\\\/421a118daad7416f8e5c57002949a81e\"},{\"@type\":\"BreadcrumbList\",\"@id\":\"http:\\\/\\\/www.darmbakterien-buch.de\\\/en\\\/2022-vortraege-seminare-lesungen-wanderungen-und-fuehrungen\\\/#breadcrumb\",\"itemListElement\":[{\"@type\":\"ListItem\",\"position\":1,\"name\":\"Home\",\"item\":\"http:\\\/\\\/www.darmbakterien-buch.de\\\/en\\\/\"},{\"@type\":\"ListItem\",\"position\":2,\"name\":\"2022 Vortr\u00e4ge, Seminare, Lesungen, Wanderungen und F\u00fchrungen\"}]},{\"@type\":\"WebSite\",\"@id\":\"http:\\\/\\\/www.darmbakterien-buch.de\\\/pl\\\/#website\",\"url\":\"http:\\\/\\\/www.darmbakterien-buch.de\\\/pl\\\/\",\"name\":\"Darmbakterien als Schl\u00fcssel zur Gesundheit\",\"description\":\"Buch von Dr. Anne Katharina Zschocke\",\"potentialAction\":[{\"@type\":\"SearchAction\",\"target\":{\"@type\":\"EntryPoint\",\"urlTemplate\":\"http:\\\/\\\/www.darmbakterien-buch.de\\\/pl\\\/?s={search_term_string}\"},\"query-input\":{\"@type\":\"PropertyValueSpecification\",\"valueRequired\":true,\"valueName\":\"search_term_string\"}}],\"inLanguage\":\"en-US\"}]}<\/script>\n<!-- \/ Yoast SEO plugin. -->","yoast_head_json":{"title":"2022 Vortr\u00e4ge, Seminare, Lesungen, Wanderungen und F\u00fchrungen - Darmbakterien als Schl\u00fcssel zur Gesundheit, Dr. Zschocke","robots":{"index":"index","follow":"follow","max-snippet":"max-snippet:-1","max-image-preview":"max-image-preview:large","max-video-preview":"max-video-preview:-1"},"canonical":"http:\/\/www.darmbakterien-buch.de\/en\/2022-vortraege-seminare-lesungen-wanderungen-und-fuehrungen\/","og_locale":"en_US","og_type":"article","og_title":"2022 Vortr\u00e4ge, Seminare, Lesungen, Wanderungen und F\u00fchrungen - Darmbakterien als Schl\u00fcssel zur Gesundheit, Dr. Zschocke","og_description":"\u00dcbersicht ab 1.1. Interviews im Schweizer Gesundheitsfernsehen QS24 19.2. Kongre\u00dfvortrag: Friedliche Koexistenz und Mikrobiom 13.3. [&hellip;]","og_url":"http:\/\/www.darmbakterien-buch.de\/en\/2022-vortraege-seminare-lesungen-wanderungen-und-fuehrungen\/","og_site_name":"Darmbakterien als Schl\u00fcssel zur Gesundheit","og_image":[{"url":"https:\/\/vg07.met.vgwort.de\/na\/421a118daad7416f8e5c57002949a81e","type":"","width":"","height":""}],"twitter_misc":{"Est. reading time":"4 minutes"},"schema":{"@context":"https:\/\/schema.org","@graph":[{"@type":"WebPage","@id":"http:\/\/www.darmbakterien-buch.de\/en\/2022-vortraege-seminare-lesungen-wanderungen-und-fuehrungen\/","url":"http:\/\/www.darmbakterien-buch.de\/en\/2022-vortraege-seminare-lesungen-wanderungen-und-fuehrungen\/","name":"2022 Vortr\u00e4ge, Seminare, Lesungen, Wanderungen und F\u00fchrungen - Darmbakterien als Schl\u00fcssel zur Gesundheit, Dr. Zschocke","isPartOf":{"@id":"http:\/\/www.darmbakterien-buch.de\/pl\/#website"},"primaryImageOfPage":{"@id":"http:\/\/www.darmbakterien-buch.de\/en\/2022-vortraege-seminare-lesungen-wanderungen-und-fuehrungen\/#primaryimage"},"image":{"@id":"http:\/\/www.darmbakterien-buch.de\/en\/2022-vortraege-seminare-lesungen-wanderungen-und-fuehrungen\/#primaryimage"},"thumbnailUrl":"https:\/\/vg07.met.vgwort.de\/na\/421a118daad7416f8e5c57002949a81e","datePublished":"2022-11-19T10:43:26+00:00","breadcrumb":{"@id":"http:\/\/www.darmbakterien-buch.de\/en\/2022-vortraege-seminare-lesungen-wanderungen-und-fuehrungen\/#breadcrumb"},"inLanguage":"en-US","potentialAction":[{"@type":"ReadAction","target":["http:\/\/www.darmbakterien-buch.de\/en\/2022-vortraege-seminare-lesungen-wanderungen-und-fuehrungen\/"]}]},{"@type":"ImageObject","inLanguage":"en-US","@id":"http:\/\/www.darmbakterien-buch.de\/en\/2022-vortraege-seminare-lesungen-wanderungen-und-fuehrungen\/#primaryimage","url":"https:\/\/vg07.met.vgwort.de\/na\/421a118daad7416f8e5c57002949a81e","contentUrl":"https:\/\/vg07.met.vgwort.de\/na\/421a118daad7416f8e5c57002949a81e"},{"@type":"BreadcrumbList","@id":"http:\/\/www.darmbakterien-buch.de\/en\/2022-vortraege-seminare-lesungen-wanderungen-und-fuehrungen\/#breadcrumb","itemListElement":[{"@type":"ListItem","position":1,"name":"Home","item":"http:\/\/www.darmbakterien-buch.de\/en\/"},{"@type":"ListItem","position":2,"name":"2022 Vortr\u00e4ge, Seminare, Lesungen, Wanderungen und F\u00fchrungen"}]},{"@type":"WebSite","@id":"http:\/\/www.darmbakterien-buch.de\/pl\/#website","url":"http:\/\/www.darmbakterien-buch.de\/pl\/","name":"Darmbakterien als Schl\u00fcssel zur Gesundheit","description":"Buch von Dr. Anne Katharina Zschocke","potentialAction":[{"@type":"SearchAction","target":{"@type":"EntryPoint","urlTemplate":"http:\/\/www.darmbakterien-buch.de\/pl\/?s={search_term_string}"},"query-input":{"@type":"PropertyValueSpecification","valueRequired":true,"valueName":"search_term_string"}}],"inLanguage":"en-US"}]}},"_links":{"self":[{"href":"http:\/\/www.darmbakterien-buch.de\/en\/wp-json\/wp\/v2\/pages\/2373","targetHints":{"allow":["GET"]}}],"collection":[{"href":"http:\/\/www.darmbakterien-buch.de\/en\/wp-json\/wp\/v2\/pages"}],"about":[{"href":"http:\/\/www.darmbakterien-buch.de\/en\/wp-json\/wp\/v2\/types\/page"}],"author":[{"embeddable":true,"href":"http:\/\/www.darmbakterien-buch.de\/en\/wp-json\/wp\/v2\/users\/2"}],"replies":[{"embeddable":true,"href":"http:\/\/www.darmbakterien-buch.de\/en\/wp-json\/wp\/v2\/comments?post=2373"}],"version-history":[{"count":3,"href":"http:\/\/www.darmbakterien-buch.de\/en\/wp-json\/wp\/v2\/pages\/2373\/revisions"}],"predecessor-version":[{"id":2712,"href":"http:\/\/www.darmbakterien-buch.de\/en\/wp-json\/wp\/v2\/pages\/2373\/revisions\/2712"}],"wp:attachment":[{"href":"http:\/\/www.darmbakterien-buch.de\/en\/wp-json\/wp\/v2\/media?parent=2373"}],"curies":[{"name":"wp","href":"https:\/\/api.w.org\/{rel}","templated":true}]}}