{"id":667,"date":"2016-01-21T16:37:13","date_gmt":"2016-01-21T16:37:13","guid":{"rendered":"http:\/\/www.Darmbakterien-Buch.de\/?page_id=667"},"modified":"2017-01-02T16:53:24","modified_gmt":"2017-01-02T15:53:24","slug":"veranstaltungen-seminare-2015","status":"publish","type":"page","link":"http:\/\/www.darmbakterien-buch.de\/en\/veranstaltungen-seminare-2015\/","title":{"rendered":"2015 Vortr\u00e4ge, Seminare, Lesungen, Wanderungen und F\u00fchrungen"},"content":{"rendered":"<p>&nbsp;<\/p>\n<p><a href=\"http:\/\/www.Darmbakterien-Buch.de\/wp-content\/uploads\/2014\/12\/Veranstaltungen-Dr-Zschocke-August-2015.pdf\">Veranstaltungen Dr. Zschocke &#8211; Stand August 2015 (PDF)<\/a><\/p>\n<h3>SR 2 Radiosendung \u201eFragen an den Autor\u201d<\/h3>\n<p>am <strong>Sonntag, 25. Januar 2015 von 11:04 \u2013 12:00 Uhr<\/strong> im SR 2 Kulturradio<\/p>\n<p>Sie k\u00f6nnen die <a href=\"http:\/\/www.darmbakterien-buch.de\/radio-interview\/\">Radio-Sendung hier anh\u00f6ren oder herunterladen<\/a>.<\/p>\n<p>&nbsp;<\/p>\n<div class=\"div_sold_out\">\n<h3><img loading=\"lazy\" decoding=\"async\" class=\"aligleft size-full wp-image-401 sold_out\" src=\"http:\/\/www.Darmbakterien-Buch.de\/wp-content\/uploads\/2015\/02\/ausverkauft.png\" alt=\"Lesung Ausverkauft\" width=\"203\" height=\"120\" \/>Lesung: \u201eDarmbakterien als Schl\u00fcssel zur Gesundheit\u201d<\/h3>\n<p><strong>Mittwoch, 4. Februar 2015 19:30 Uhr 50321 Br\u00fchl<\/strong><\/p>\n<p><strong>Ort:<\/strong> Buchhandlung Karola Brockmann, Uhlstra\u00dfe 82<br \/>\n<strong>Kartenvorverkauf<\/strong>: <a title=\"Buchhandlung Karola Brockmann\" href=\"http:\/\/www.brockmann-buecher.de\">www.brockmann-buecher.de<\/a>, Telefon <a title=\"Telefonnummer anrufen\" href=\"tel:+492232410498\">02232 &#8211; 410498<\/a><\/p>\n<\/div>\n<p>&nbsp;<\/p>\n<h3>Seminar: \u201eDarmbakterien als Schl\u00fcssel zur Gesundheit\u201d<\/h3>\n<p><strong>Samstag, 7. Februar 2015 von 14 &#8211; 18 Uhr 47624 Kevelaer<\/strong><\/p>\n<p><strong>Veranstalter<\/strong>: Mikroveda, Gaby und Kurt-Walter Lau<br \/>\n<strong>Ort<\/strong>: <a title=\"Hotel Restaurant: &quot;Gelder Dyck&quot; Kevelaer\" href=\"http:\/\/www.gelder-dyck.de\">Gelder Dyck, Hotel-Restaurant<\/a>, Geldernerstra\u00dfe 43, 47623 Kevelaer<br \/>\n<strong>Beitrag<\/strong>: 38,- \u20ac<br \/>\n<strong>Anmeldung<\/strong>: <a href=\"mailto:%69%6E%66%6F%40mikroveda.de\">info@mikroveda.de<\/a>, Telefon <a href=\"tel:+4928329727810\">02832 &#8211; 9727810<\/a><br \/>\n<a title=\"Seminar: \u201eDarmbakterien als Schl\u00fcssel zur Gesundheit\u201d\" href=\"http:\/\/www.Darmbakterien-Buch.de\/veranstaltungen-seminare\/seminar-darmbakterien-als-schluessel-zur-gesundheit-kevelaer\/\">\u00bb mehr&#8230;<\/a><\/p>\n<p>&nbsp;<\/p>\n<h3>Vortrag: \u201eDarmbakterien als Schl\u00fcssel zur Gesundheit\u201d<\/h3>\n<p><strong>Freitag, 20. Februar 2015 19 Uhr Henndorf \/ Wallersee b. Salzburg<\/strong><\/p>\n<p><strong>Informationen<\/strong>: Erna Hollerweger, <a title=\"Email an Erna Hollerweger\" href=\"mailto:erna.hollerweger@gmail.com\">erna.hollerweger@gmail.com<\/a>, Telefon <a title=\"Telefonnummer anrufen\" href=\"tel:+4962146822\">06214 &#8211; 6822<\/a><br \/>\n<a title=\"Vortrag: \u201eDarmbakterien als Schl\u00fcssel zur Gesundheit\u201d\" href=\"http:\/\/www.Darmbakterien-Buch.de\/veranstaltungen-seminare\/vortrag-darmbakterien-als-schluessel-zur-gesundheit\/\">\u00bb mehr&#8230;<\/a><\/p>\n<p>&nbsp;<\/p>\n<div class=\"div_sold_out\">\n<h3><img loading=\"lazy\" decoding=\"async\" class=\"aligleft size-full wp-image-401 sold_out\" src=\"http:\/\/www.Darmbakterien-Buch.de\/wp-content\/uploads\/2015\/02\/ausverkauft.png\" alt=\"Seminar Ausverkauft\" width=\"203\" height=\"120\" \/>Seminar: \u201eDarmbakterien als Schl\u00fcssel zur Gesundheit\u201d<\/h3>\n<p><strong>Samstag, 21. Februar 2015 von 10 &#8211; 16 Uhr<\/strong><\/p>\n<p><strong>Ort<\/strong>: <a title=\"EM-Chiemgau\" href=\"http:\/\/www.em-chiemgau.de\" target=\"_blank\">EM-Chiemgau<\/a>, Christoph Fischer GmbH &#8211; Hochgernstra\u00dfe 4, 83139 S\u00f6chtenau \/ Haid<br \/>\n<strong>Beitrag:<\/strong> 40,- \u20ac (f\u00fcr Mitglieder der IG Agrar Impulse: 35,- \u20ac)<br \/>\n<strong>Anmeldung<\/strong>: Christoph Fischer, <a href=\"mailto:%69%6E%66%6F%40em-chiemgau.de\">info@em-chiemgau.de<\/a>, Telefon <a title=\"Jetzt vom Handy anrufen\" href=\"tel:+4980559030400\" target=\"_blank\">08055 &#8211; 9030400<\/a><\/p>\n<\/div>\n<p>&nbsp;<\/p>\n<div class=\"div_sold_out\">\n<h3><img loading=\"lazy\" decoding=\"async\" class=\"aligleft size-full wp-image-401 sold_out\" src=\"http:\/\/www.Darmbakterien-Buch.de\/wp-content\/uploads\/2015\/02\/ausverkauft.png\" alt=\"Lesung Ausverkauft\" width=\"203\" height=\"120\" \/>Lesung: \u201eDarmbakterien als Schl\u00fcssel zur Gesundheit\u201c<\/h3>\n<p><strong>Mittwoch, 4. M\u00e4rz 2015 19:30 Uhr 53909 Z\u00fclpich<\/strong><\/p>\n<p><strong>Ort<\/strong>: Reinhards Lesewald, M\u00fcnsterstra\u00dfe 2, 53909 Z\u00fclpich<br \/>\n<strong>Beitrag<\/strong>: 7,50 \u20ac<br \/>\n<strong>Anmeldung<\/strong>: <a title=\"Reinhardts Lesewald\" href=\"http:\/\/www.reinhardts-lesewald.de\">Reinhardts Lesewald<\/a>, <a title=\"Email senden\" href=\"mailto:info@reinhardts-lesewald.de\">info@reinhardts-lesewald.de<\/a>, Telefon <a title=\"Telefonnummer anrufen\" href=\"tel:+49022527071\">02252-7071<\/a><\/p>\n<\/div>\n<p>&nbsp;<\/p>\n<div class=\"div_sold_out\">\n<h3><img loading=\"lazy\" decoding=\"async\" class=\"aligleft size-full wp-image-401 sold_out\" src=\"http:\/\/www.Darmbakterien-Buch.de\/wp-content\/uploads\/2015\/02\/ausverkauft.png\" alt=\"Lesung Ausverkauft\" width=\"203\" height=\"120\" \/>Vortrag: \u201eGesunde Ern\u00e4hrung f\u00fcr einen gl\u00fccklichen Darm\u201c<\/h3>\n<p><strong>Donnerstag, 12. M\u00e4rz 2015 19:30 Uhr 50374 Erftstadt- Lechenich<br \/>\n<\/strong><\/p>\n<p><strong>Ort<\/strong>: Farben Hatting, Bonner Ring 25, 50374 Erftstadt- Lechenich<br \/>\n<strong>Beitrag<\/strong>: 8,- \u20ac<br \/>\n<strong>Info<\/strong>: Umweltzentrum Erftstadt, Horst Neumann, Telefon <a title=\"Telefonnummer anrufen\" href=\"tel:+49223572344\">02235 &#8211; 72344<\/a>, <a title=\"Email senden\" href=\"mailto:horstneu@web.de\">horstneu@web.de<\/a><br \/>\n<a title=\"Vortrag: \u201eGesunde Ern\u00e4hrung f\u00fcr einen gl\u00fccklichen Darm\u201c\" href=\"http:\/\/www.Darmbakterien-Buch.de\/veranstaltungen-seminare\/vortrag-gesunde-ernaehrung-fuer-einen-gluecklichen-darm\/\">\u00bb mehr&#8230;<\/a><\/p>\n<\/div>\n<p>&nbsp;<\/p>\n<h3>Lesung: \u201eDarmbakterien als Schl\u00fcssel zur Gesundheit\u201c<\/h3>\n<p><strong>Mittwoch, 18. M\u00e4rz 2015 19:30 Uhr 53119 Bonn<\/strong><\/p>\n<p><strong>Ort<\/strong>: Buchhandlung am Paulusplatz, Paulusplatz 6, 53119 Bonn-Tannenbusch, Telefon <a title=\"Jetzt Telefonnummer anrufen\" href=\"tel:+49228669816\">0228 &#8211; 669816<\/a>, <a title=\"Email senden\" href=\"mailto:paulusplatz@unserebuchhandlung.de\">paulusplatz@unserebuchhandlung.de<\/a><br \/>\n<strong>Beitrag<\/strong>: Kartenvorverkauf in der Buchhandlung<\/p>\n<p>&nbsp;<\/p>\n<h3>Wochenendseminar: Die Effektiven Mikroorganismen &#8211; Grundlagen und praktische Anwendung in Haus und Hof, bei Mensch und Garten<\/h3>\n<p><strong>Sa. 21. M\u00e4rz bis So. 22. M\u00e4rz 2015<\/strong><br \/>\n<strong>Zeit<\/strong>: Samstag von 10 &#8211; 18 Uhr, Sonntag von 9 &#8211; 16 Uhr (Mittagspause 12:30 &#8211; 14 Uhr)<\/p>\n<p><strong>Ort<\/strong>: Gut Schloss Sulzemoos, Hirschbergstra\u00dfe 10, 85254 Sulzemoos<br \/>\n<strong>Beitrag<\/strong>: 190,- \u20ac (inkl. Bio-Snacks; hauseigenes Natursauerteigbrot und Getr\u00e4nke)<br \/>\n<strong>Anmeldung<\/strong>: Dagmar Keil, M\u00fcnchen: <a title=\"Email senden\" href=\"mailto:dagi_keil@yahoo.com\">dagi_keil@yahoo.com<\/a>, Telefon <a title=\"Wochenendseminar: Die Effektive Mikroorganismen \u2013 Grundlagen und praktische Anwendung in Haus und Hof, bei Mensch und Garten\" href=\"http:\/\/www.Darmbakterien-Buch.de\/veranstaltungen-seminare\/wochenendseminar-die-effektive-mikroorganismen-grundlagen-und-praktische-anwendung-haus-und-hof-bei-mensch-und-garten\/\">0177 &#8211; 2345114<br \/>\n\u00bb mehr&#8230;<\/a><\/p>\n<p>&nbsp;<\/p>\n<h3>Vortrag: \u201eDie Entwicklung der Bakterien als Lebensgemeinschaft und ihre Bedeutung f\u00fcr das gesunde Mikrobiom\u201c<\/h3>\n<p><strong>Samstag, 28. M\u00e4rz 2015 14 &#8211; 16 Uhr D\u00fcrnten bei Z\u00fcrich<\/strong><\/p>\n<p><abbr title=\"Im Rahmen der\">i.R.d.<\/abbr> Hauptversammlung des EM-Verein Schweiz<br \/>\n<strong>Info<\/strong>: <a title=\"Email senden\" href=\"mailto:gaby.hoefler@gmx.net\">gaby.hoefler@gmx.net<\/a><\/p>\n<p>&nbsp;<\/p>\n<h3>Lesung: \u201eDarmbakterien als Schl\u00fcssel zur Gesundheit\u201c<\/h3>\n<p><strong>Mittwoch, 15. April 2015 19:30 Uhr Wipperf\u00fcrth<br \/>\n<\/strong><\/p>\n<p><strong>Ort<\/strong>: Anbau der ev. Kirche, am Marktplatz in Wipperf\u00fcrth<br \/>\n<strong>Beitrag<\/strong>: 7,50 \u20ac (Tickets erh\u00e4ltlich in der Bergischen Buchhandlung und Geschenkhaus Waldmann)<br \/>\n<a title=\"Lesung in Wipperf\u00fcrth \u201eDarmbakterien als Schl\u00fcssel zur Gesundheit\u201c\" href=\"http:\/\/www.Darmbakterien-Buch.de\/veranstaltungen-seminare\/lesung-in-wipperfuerth-darmbakterien-als-schluessel-zur-gesundheit\/\">\u00bb mehr&#8230;<\/a><\/p>\n<p>&nbsp;<\/p>\n<h3>Vortrag: Bakterienbesiedelung und Immunsystem<\/h3>\n<p><strong>Samstag, 25. April 2015 14:15 &#8211; 14:50 Uhr 97070 W\u00fcrzburg<\/strong><\/p>\n<p><abbr title=\"Im Rahmen des\">i.R.d.<\/abbr> Kongress des Deutschen DentalhygienikerInnen-Verbandes<br \/>\n<strong>Anmeldung<\/strong>: <a title=\"Email senden\" href=\"mailto:Beatrix.Baumann@gmx.de\">Beatrix.Baumann@gmx.de<\/a>, Telefon <a href=\"tel:+4994191068210\">0941 &#8211; 91068210<\/a><\/p>\n<p>&nbsp;<\/p>\n<h3>Vortrag: \u201eEffektive Mikroorganismen f\u00fcr die Pferdehaltung und Mistbehandlung\u201c<\/h3>\n<p><strong>Samstag, 2. Mai 2015 11 &#8211; 12:30 Uhr K\u00f6ln<\/strong><\/p>\n<p><abbr title=\"Im Rahmen des\">i.R.d.<\/abbr> Qualifikation zum Zertifizierten Pferdemanager<br \/>\n<strong>Info<\/strong>: <a title=\"Email senden\" href=\"mailto:buero@koelnerpferdeakademie.de\">buero@koelnerpferdeakademie.de<\/a><\/p>\n<p>&nbsp;<\/p>\n<h3>Mai bei den Matronen<\/h3>\n<p><strong>Sonntag, 3. Mai 2015 14 Uhr 53947 Nettersheim<\/strong><\/p>\n<p>Wanderung rund um die Kultur- und Naturgeschichte der Matronenverehrung<br \/>\nmit Besuch der arch\u00e4ologischen Sammlung des Naturzentrums Nettersheim<br \/>\n<strong>Anmeldung<\/strong>: <a title=\"Email senden\" href=\"mailto:Naturzentrum@nettersheim.de\">Naturzentrum@nettersheim.de<\/a>, Telefon <a title=\"Email senden\" href=\"tel:+4924861246\">02486 &#8211; 1246<\/a><br \/>\n<a title=\"Mai bei den Matronen\" href=\"http:\/\/www.Darmbakterien-Buch.de\/veranstaltungen-seminare\/wanderung-mai-bei-den-matronen\/\">\u00bb mehr&#8230;<\/a><\/p>\n<p>&nbsp;<\/p>\n<h3>Sagenhafte Kakush\u00f6hle<\/h3>\n<p><strong>Christi Himmelfahrt, Freitag, 14. Mai 2015 15 Uhr 53894 Dreim\u00fchlen<\/strong><\/p>\n<p>\u00d6ffentliche F\u00fchrung zu Entstehung, Geschichte und Sagenwelt der H\u00f6hle.<br \/>\nDie Kakush\u00f6hle, bei Dreim\u00fchlen gelegen, ist ein stimmungsvoller Ort in malerischer Landschaft, Fundst\u00e4tte der \u00e4ltesten menschlichen Siedlungsspuren der Nordeifel und das \u00e4lteste Naturschutzgebiet der Region. Sie war zu allen Zeiten von Tieren und Menschen als Unterschlupf und Behausung genutzt, und fasziniert noch immer ihre Besucher. Heute ist sie ein bedeutendes Quartier f\u00fcr die vom Aussterben bedrohten Flederm\u00e4use.<\/p>\n<p><strong>Dauer<\/strong>: ca. 1 \u00bc Stunden<br \/>\n<strong>Treffpunkt<\/strong> am Caf\u00e9 zur Kakush\u00f6hle (an der <a title=\"Caf\u00e9 zur Kakush\u00f6hle (in google maps)\" href=\"https:\/\/www.google.de\/maps\/dir\/\/Caf%C3%A9+Zur+Kakush%C3%B6hle,+Kakusstra%C3%9Fe+1,+53894+Mechernich-Dreim%C3%BChlen,+Deutschland\/@50.544794,6.660302,15z\/data=!4m12!1m3!3m2!1s0x0000000000000000:0x8199893006533395!2zQ2Fmw6kgWnVyIEtha3VzaMO2aGxl!4m7!1m0!1m5!1m1!1s0x47bf0bbdceadd6c9:0x8199893006533395!2m2!1d6.66073!2d50.54398\">B 477 zwischen Mechernich-Eiserfey und Weyer<\/a>)<br \/>\n<strong>Beitrag<\/strong>: 3,50 \u20ac pro Person<\/p>\n<p>&nbsp;<\/p>\n<h3>Vortrag: \u201eGesunde Ern\u00e4hrung, gl\u00fccklicher Darm, zufriedener Mensch\u201c<\/h3>\n<p><strong>Donnerstag, 25. Juni 2015 19:30 Uhr, 90403 N\u00fcrnberg<\/strong><\/p>\n<p><strong>Ort:<\/strong> Bildungszentrum der Stadt N\u00fcrnberg, Gewerbemuseumsplatz, Fabersaal<br \/>\n<strong>Veranstalter<\/strong>: Stadt N\u00fcrnberg, Referat f\u00fcr Umwelt und Gesundheit, In Kooperation mit Universit\u00e4tsbuchhandlung Korn &amp; Berg<br \/>\n<strong>Beitrag<\/strong>: 10,- \u20ac (f\u00fcr Sch\u00fcler und Studierende 5,- \u20ac)<br \/>\n<strong>Anmeldung<\/strong>: BioMetropole N\u00fcrnberg, Dr. Werner Ebert, Hauptmarkt 18, 90403 N\u00fcrnberg<br \/>\nTelefon <a href=\"tel:+499112314189\">0911 &#8211; 231 &#8211; 4189<\/a>, <a href=\"mailto:werner.ebert@stadt.nuernberg.de\">werner.ebert@stadt.nuernberg.de<\/a><\/p>\n<p><strong>Details und Infos <\/strong>im PDF: <a href=\"http:\/\/www.Darmbakterien-Buch.de\/wp-content\/uploads\/2014\/12\/Seminar-Nuernberg_Gesunde-Ernaehrung-gluecklicher-Darm.pdf\">Seminar-N\u00fcrnberg_Gesunde-Ern\u00e4hrung-gl\u00fccklicher-Darm.pdf<\/a><\/p>\n<p>&nbsp;<\/p>\n<p>&nbsp;<\/p>\n<h3>Seminar: \u201eGesunde Ern\u00e4hrung, gl\u00fccklicher Darm, zufriedener Mensch\u201c<\/h3>\n<p><strong>Freitag, 26. Juni 2015 15-19 Uhr, 90403 N\u00fcrnberg<\/strong><\/p>\n<p>Ort: Bildungszentrum der Stadt N\u00fcrnberg, Gewerbemuseumsplatz, Kleiner Saal<br \/>\n<strong>Veranstalter<\/strong>: Stadt N\u00fcrnberg, Referat f\u00fcr Umwelt und Gesundheit, In Kooperation mit Universit\u00e4tsbuchhandlung Korn &amp; Berg<br \/>\n<strong>Beitrag<\/strong>: 40,- \u20ac (f\u00fcr Sch\u00fcler und Studierende 20,- \u20ac)<br \/>\n<strong>Anmeldung<\/strong>: BioMetropole N\u00fcrnberg, Dr. Werner Ebert, Hauptmarkt 18, 90403 N\u00fcrnberg,<br \/>\nTelefon <a href=\"tel:+499112314189\">0911 &#8211; 231 &#8211; 4189<\/a>, <a href=\"mailto:werner.ebert@stadt.nuernberg.de\">werner.ebert@stadt.nuernberg.de<\/a><\/p>\n<p><strong>Details und Infos <\/strong>im PDF: <a href=\"http:\/\/www.Darmbakterien-Buch.de\/wp-content\/uploads\/2014\/12\/Seminar-Nuernberg_Gesunde-Ernaehrung-gluecklicher-Darm.pdf\">Seminar-N\u00fcrnberg_Gesunde-Ern\u00e4hrung-gl\u00fccklicher-Darm.pdf<\/a><\/p>\n<p>&nbsp;<\/p>\n<h3>Sagenhafte Kakush\u00f6hle<\/h3>\n<p><strong>Sonntag, 28. Juni 2015 15 Uhr 53894 Dreim\u00fchlen<\/strong><\/p>\n<p>\u00d6ffentliche F\u00fchrung zu Entstehung, Geschichte und Sagenwelt der H\u00f6hle.<br \/>\nDie Kakush\u00f6hle, bei Dreim\u00fchlen gelegen, ist ein stimmungsvoller Ort in malerischer Landschaft, Fundst\u00e4tte der \u00e4ltesten menschlichen Siedlungsspuren der Nordeifel und das \u00e4lteste Naturschutzgebiet der Region. Sie war zu allen Zeiten von Tieren und Menschen als Unterschlupf und Behausung genutzt, und fasziniert noch immer ihre Besucher. Heute ist sie ein bedeutendes Quartier f\u00fcr die vom Aussterben bedrohten Flederm\u00e4use.<\/p>\n<p><strong>Dauer<\/strong>: ca. 1 \u00bc Stunden<br \/>\n<strong>Treffpunkt<\/strong> am Caf\u00e9 zur Kakush\u00f6hle (an der <a title=\"Caf\u00e9 zur Kakush\u00f6hle (in google maps)\" href=\"https:\/\/www.google.de\/maps\/dir\/\/Caf%C3%A9+Zur+Kakush%C3%B6hle,+Kakusstra%C3%9Fe+1,+53894+Mechernich-Dreim%C3%BChlen,+Deutschland\/@50.544794,6.660302,15z\/data=!4m12!1m3!3m2!1s0x0000000000000000:0x8199893006533395!2zQ2Fmw6kgWnVyIEtha3VzaMO2aGxl!4m7!1m0!1m5!1m1!1s0x47bf0bbdceadd6c9:0x8199893006533395!2m2!1d6.66073!2d50.54398\">B 477 zwischen Mechernich-Eiserfey und Weyer<\/a>)<br \/>\n<strong>Beitrag<\/strong>: 3,50 \u20ac pro Person<\/p>\n<p>&nbsp;<\/p>\n<h3>Von Wasserwirbeln und Wasserleben<\/h3>\n<p><strong>Mittwoch, 15. Juli 2015 10-13 Uhr 7050 Arosa \/ Schweiz<\/strong><\/p>\n<p>Naturkundliche Wanderung um den Schwellisee zum Thema Wasser<br \/>\n<strong>Kontakt und Anmeldung<\/strong>: Arosa Kulm-Hotel, <a href=\"http:\/\/www.arosakulm.ch\">www.arosakulm.ch<\/a>, Telefon <a title=\"Telefonnummer anrufen\" href=\"tel:+41813788888\">+41 (0) 81 3788888<\/a><\/p>\n<p>&nbsp;<\/p>\n<h3>Lesung: \u201eDarmbakterien als Schl\u00fcssel zur Gesundheit\u201c<\/h3>\n<p><strong>Donnerstag, 16. Juli 2015 um 18 Uhr 7050 Arosa \/ Schweiz<br \/>\n<\/strong><br \/>\n<strong>Kontakt<\/strong>: Arosa Kulm-Hotel, <a href=\"http:\/\/www.arosakulm.ch\">www.arosakulm.ch<\/a>, Telefon <a title=\"Telefonnummer anrufen\" href=\"tel:+41813788888\">+41 (0) 81 3788888<\/a><br \/>\n<a title=\"Lesung Arosa: \u201eDarmbakterien als Schl\u00fcssel zur Gesundheit\u201c\" href=\"http:\/\/www.Darmbakterien-Buch.de\/veranstaltungen-seminare\/lesung-darmbakterien-als-schluessel-zur-gesundheit\/\">\u00bb mehr&#8230;<\/a><\/p>\n<p>&nbsp;<\/p>\n<h3>Seminar: \u201eDarmbakterien als Schl\u00fcssel zur Gesundheit und die Effektiven Mikroorganismen\u201c<\/h3>\n<p><strong>Wochenende 17. &#8211; 19. Juli 2015 Arosa \/ Graub\u00fcnden, CH<\/strong><\/p>\n<p><a href=\"http:\/\/www.Darmbakterien-Buch.de\/wp-content\/uploads\/2014\/12\/EM-Seminare-Arosa-2015.pdf\"><img loading=\"lazy\" decoding=\"async\" class=\"alignleft size-full wp-image-469\" src=\"http:\/\/www.Darmbakterien-Buch.de\/wp-content\/uploads\/2014\/12\/pdf-em-seminar-arosa.jpg\" alt=\"pdf-em-seminar-arosa\" width=\"58\" height=\"80\" \/><\/a><strong>Info<\/strong>: EM-Verein Schweiz, <a title=\"Email senden\" href=\"mailto:martina.schwegler@bluewin.ch\">martina.schwegler@bluewin.ch<\/a><\/p>\n<p><strong>Details und Anmeldung<\/strong> im PDF:<a href=\"http:\/\/www.Darmbakterien-Buch.de\/wp-content\/uploads\/2014\/12\/EM-Seminare-Arosa-2015.pdf\"> EM-Seminare-Arosa-2015.pdf<\/a><br \/>\n<strong>Flyer<\/strong>: <a href=\"http:\/\/www.Darmbakterien-Buch.de\/wp-content\/uploads\/2014\/12\/Seminar-Arosa-Effektive-Mikroorganismen-2015.pdf\">Seminar Arosa &#8211; Effektive Mikroorganismen 2015.pdf<\/a><\/p>\n<p>&nbsp;<\/p>\n<h3>Vortrag: \u201eDarmbakterien als Schl\u00fcssel zur Gesundheit\u201c<\/h3>\n<p><strong>Samstag, 1. August 2015 11:15-12 Uhr, 83256 Frauenw\u00f6rth<\/strong><\/p>\n<p><abbr title=\"Im Rahmen des\">i.R.d.<\/abbr> EM-Tage 2015 auf der Fraueninsel im Chiemsee<br \/>\nInformation: <a href=\"http:\/\/www.em-chiemgau.de\">www.em-chiemgau.de<\/a>, Telefon <a href=\"tel:+4980559030400\">08055 &#8211; 9030400 <\/a><\/p>\n<p>&nbsp;<\/p>\n<h3>Wasser und M\u00e4rchen<\/h3>\n<p><strong>Sonntag, 23. August 2015 13:45 Uhr, 53945 Blankenheim<\/strong><\/p>\n<p><strong>Naturkundliche Wanderung zum Thema Wasser.<\/strong><\/p>\n<p><strong>Treffpunkt<\/strong>: Kl\u00e4ranlage an der B 258 s\u00fcdlich von Blankenheim, 150 Meter hinter dem Ortsausgangsschild links. Dauer circa 3 Stunden. Feste Schuhe empfohlen. Abholung vom Bahnhof Blankenheim-Wald m\u00f6glich<br \/>\n<strong>Beitrag<\/strong>: nach eigenem Ermessen<br \/>\n<strong>Kontakt<\/strong>: Kreisverband Natur und Umweltschutz e.V. Blankenheim, Telefon <a href=\"tel:+4924491573\">02449 &#8211; 1573<\/a><\/p>\n<p>&nbsp;<\/p>\n<h3>Tagesseminar: \u201eDarmbakterien als Schl\u00fcssel zur Gesundheit\u201c<\/h3>\n<p><strong>Samstag, 29. August 2014 10-17 Uhr Hamm \/ Westfalen<\/strong><\/p>\n<p><strong>Ort<\/strong>: Kurhaus Bad Hamm, Ostenallee 87, 59071 Hamm<br \/>\n<strong>Beitrag<\/strong>: 70,- \u20ac<br \/>\n<strong>Info: <\/strong><a title=\"PDF Tagesseminar: \u201eDarmbakterien als Schl\u00fcssel zur Gesundheit\u201c\" href=\"http:\/\/www.Darmbakterien-Buch.de\/wp-content\/uploads\/2014\/12\/Tagesseminar_Die-Gesundheitsrevolution-aus-dem-Darm.pdf\">Tagesseminar &#8211; Die Gesundheitsrevolution aus dem Darm (PDF)<\/a><strong><br \/>\n<\/strong><\/p>\n<p><strong>Anmeldung<\/strong>: Gaby Krain, <a title=\"Email senden\" href=\"mailto:gaby.krain@web.de\">gaby.krain@web.de<\/a>, Telefon <a title=\"Telefonnummer anrufen\" href=\"tel:+492388841727\">02388 &#8211; 841727<br \/>\n<\/a><a title=\"PDF Tagesseminar: \u201eDarmbakterien als Schl\u00fcssel zur Gesundheit\u201c\" href=\"http:\/\/www.Darmbakterien-Buch.de\/wp-content\/uploads\/2014\/12\/Tagesseminar_Die-Gesundheitsrevolution-aus-dem-Darm.pdf\">\u00bb mehr&#8230;<\/a><\/p>\n<p>&nbsp;<\/p>\n<h3>Signierstunde<\/h3>\n<p><strong>Sonntag, 13. September 2015 12-14 Uhr, Haus Bollheim<\/strong><\/p>\n<p>Signierstunde am EM Stand von Frau <a href=\"http:\/\/www.em-esser-marie.de\">Marie-Therese Esser <\/a>im Rahmen des Hoffestes Haus Bollheim<br \/>\n<strong>Kontakt<\/strong>: <a href=\"http:\/\/www.bollheim.de\">Haus Bollheim<\/a>, Bollheimer Stra\u00dfe, 53909 Z\u00fclpich-Oberelvenich<\/p>\n<p>&nbsp;<\/p>\n<h3>Von Wasserwirbeln und Wasserleben<\/h3>\n<p><strong>Mittwoch, 16. September 2015 10-13 Uhr 7050 Arosa \/ Schweiz<\/strong><\/p>\n<p>Naturkundliche Wanderung um den Schwellisee zum Thema Wasser<br \/>\n<strong>Kontakt und Anmeldung<\/strong>: Arosa Kulm-Hotel, <a href=\"http:\/\/www.arosakulm.ch\">www.arosakulm.ch<\/a>, Telefon <a title=\"Telefonnummer anrufen\" href=\"tel:+41813788888\">+41 (0) 81 3788888<\/a><\/p>\n<p>&nbsp;<\/p>\n<h3>Lesung: \u201eDarmbakterien als Schl\u00fcssel zur Gesundheit\u201c<\/h3>\n<p><strong>Donnerstag, 17. September 2015 um 18 Uhr 7050 Arosa \/ Schweiz<\/strong><br \/>\n<strong>Kontakt<\/strong>: Arosa Kulm-Hotel, <a href=\"http:\/\/www.arosakulm.ch\">www.arosakulm.ch<\/a>, Telefon <a title=\"Telefonnummer anrufen\" href=\"tel:+41813788888\">+41 (0) 81 3788888<\/a><br \/>\n<a title=\"Lesung Arosa: \u201eDarmbakterien als Schl\u00fcssel zur Gesundheit\u201c\" href=\"http:\/\/www.Darmbakterien-Buch.de\/veranstaltungen-seminare\/lesung-darmbakterien-als-schluessel-zur-gesundheit\/\">\u00bb mehr&#8230;<\/a><\/p>\n<p>&nbsp;<\/p>\n<h3>Seminar: \u201eDarmbakterien als Schl\u00fcssel zur Gesundheit und die Effektiven Mikroorganismen\u201c<\/h3>\n<p><strong>Wochenende 18. &#8211; 20. September 2015 Arosa \/ Graub\u00fcnden, CH<\/strong><\/p>\n<p><a href=\"http:\/\/www.Darmbakterien-Buch.de\/wp-content\/uploads\/2014\/12\/EM-Seminare-Arosa-2015.pdf\"><img loading=\"lazy\" decoding=\"async\" class=\"alignleft size-full wp-image-469\" src=\"http:\/\/www.Darmbakterien-Buch.de\/wp-content\/uploads\/2014\/12\/pdf-em-seminar-arosa.jpg\" alt=\"pdf-em-seminar-arosa\" width=\"58\" height=\"80\" \/><\/a><strong>Info<\/strong>: EM-Verein Schweiz, <a title=\"Email senden\" href=\"mailto:martina.schwegler@bluewin.ch\">martina.schwegler@bluewin.ch<\/a><\/p>\n<p><strong>Details und Anmeldung<\/strong> im PDF: <a href=\"http:\/\/www.Darmbakterien-Buch.de\/wp-content\/uploads\/2014\/12\/EM-Seminare-Arosa-2015.pdf\">EM-Seminare-Arosa-2015.pdf<\/a><br \/>\n<strong>Flyer<\/strong>: <a href=\"http:\/\/www.Darmbakterien-Buch.de\/wp-content\/uploads\/2014\/12\/Seminar-Arosa-Effektive-Mikroorganismen-2015.pdf\">Seminar Arosa &#8211; Effektive Mikroorganismen 2015.pdf<\/a><\/p>\n<p>&nbsp;<\/p>\n<h3>Wanderung: \u201eB\u00e4ume und M\u00e4rchen\u201c<\/h3>\n<p><strong>Sonntag, den 18. Oktober 2015 13:45 Uhr, 53947 Tondorf<br \/>\n<\/strong><\/p>\n<p>Naturkundliche Wanderung mit Bezug zu alten M\u00e4rchen zum Thema B\u00e4ume, ins Naturschutzgebiet S\u00fclchesbach und zur Buirer Ley.<\/p>\n<p><strong>Dauer<\/strong>: ca. 3 Stunden<br \/>\n<strong>Treffpunkt<\/strong>: Parkplatz an der B 51 hinter dem Ortsausgang von Tondorf in Richtung Buir,<br \/>\nFeste Schuhe erforderlich<br \/>\n<strong>Abholung<\/strong> vom Bahnhof nach telefonischer Vereinbarung m\u00f6glich.<br \/>\n<strong>Kontakt<\/strong>: Veronika Neumann, Kreisverband Natur und Umweltschutz e.V. Blankenheim, Telefon <a href=\"tel:+4924491573\">02449 &#8211; 1573<\/a><\/p>\n<p>&nbsp;<\/p>\n<h3>Vortrag: \u201eEffektive Mikroorganismen als Element einer Regulationstherapie\u201c<\/h3>\n<p><strong>Sonntag, den 1. November 2015 9:30 &#8211; 10 Uhr, 76530 Baden-Baden<\/strong><\/p>\n<p><strong>Veranstalter<\/strong>: Medizinische Woche<br \/>\n<strong>Ort<\/strong>: <a href=\"http:\/\/www.medwoche.de\/index.php?id=36&amp;etype=1&amp;lvl=4,14,20151101,20151101_12&amp;pid=12\">Krebskongress: Die ganze Klaviatur des Heilens in der Onkologie<\/a><\/p>\n<p>&nbsp;<\/p>\n<h3>Vortrag: Darmbakterien als Schl\u00fcssel zur Gesundheit<\/h3>\n<p><strong>Mittwoch, den 4. November 2015 19:30 Uhr, 47798 Krefeld<\/strong><\/p>\n<p><strong>Ort<\/strong>: Muchesaal der Volkshochschule Krefeld, Von-der-Leyen-Platz 2, 47798 Krefeld<br \/>\n<strong>Anmeldung erforderlich<\/strong>: Telefon <a title=\"Telefonnummer anrufen\" href=\"tel:+492151862664\">02151 &#8211; 862664<\/a>, Fax 02151 86-2680, <a title=\"VHS Krefeld Programm\" href=\"http:\/\/www.vhsprogramm.krefeld.de\/index.php?id=69\" target=\"_blank\">www.vhsprogramm.krefeld.de\/index.php?id=69<\/a>, Kurs Nr. M32002<br \/>\n<strong>Kontakt<\/strong>: <a title=\"VHS Krefeld\" href=\"http:\/\/www.vhs.krefeld.de\">www.vhs.krefeld.de<\/a><\/p>\n<p><a title=\"Vortrag: Darmbakterien als Schl\u00fcssel zur Gesundheit in der VHS Krefeld\" href=\"http:\/\/www.Darmbakterien-Buch.de\/vortrag-darmbakterien-als-schluessel-zur-gesundheit-in-der-vhs-krefeld\/\">\u00bb mehr&#8230;<\/a><\/p>\n<p>&nbsp;<\/p>\n<hr \/>\n<p><a href=\"http:\/\/www.darmbakterien-buch.de\/veranstaltungen-seminare\/\"><strong>Aktuelle Termine<\/strong><\/a><\/p>\n","protected":false},"excerpt":{"rendered":"<p>&nbsp; Veranstaltungen Dr. Zschocke &#8211; Stand August 2015 (PDF) SR 2 Radiosendung \u201eFragen an den [&hellip;]<\/p>\n","protected":false},"author":2,"featured_media":0,"parent":0,"menu_order":0,"comment_status":"closed","ping_status":"closed","template":"","meta":{"footnotes":""},"class_list":["post-667","page","type-page","status-publish","hentry"],"yoast_head":"<!-- This site is optimized with the Yoast SEO plugin v27.5 - https:\/\/yoast.com\/product\/yoast-seo-wordpress\/ -->\n<title>2015 Vortr\u00e4ge, Seminare, Lesungen, Wanderungen und F\u00fchrungen - Darmbakterien als Schl\u00fcssel zur Gesundheit, Dr. Zschocke<\/title>\n<meta name=\"robots\" content=\"index, follow, max-snippet:-1, max-image-preview:large, max-video-preview:-1\" \/>\n<link rel=\"canonical\" href=\"http:\/\/www.darmbakterien-buch.de\/en\/veranstaltungen-seminare-2015\/\" \/>\n<meta property=\"og:locale\" content=\"en_US\" \/>\n<meta property=\"og:type\" content=\"article\" \/>\n<meta property=\"og:title\" content=\"2015 Vortr\u00e4ge, Seminare, Lesungen, Wanderungen und F\u00fchrungen - Darmbakterien als Schl\u00fcssel zur Gesundheit, Dr. Zschocke\" \/>\n<meta property=\"og:description\" content=\"&nbsp; Veranstaltungen Dr. Zschocke &#8211; Stand August 2015 (PDF) SR 2 Radiosendung \u201eFragen an den [&hellip;]\" \/>\n<meta property=\"og:url\" content=\"http:\/\/www.darmbakterien-buch.de\/en\/veranstaltungen-seminare-2015\/\" \/>\n<meta property=\"og:site_name\" content=\"Darmbakterien als Schl\u00fcssel zur Gesundheit\" \/>\n<meta property=\"article:modified_time\" content=\"2017-01-02T15:53:24+00:00\" \/>\n<meta property=\"og:image\" content=\"http:\/\/www.Darmbakterien-Buch.de\/wp-content\/uploads\/2015\/02\/ausverkauft.png\" \/>\n<meta name=\"twitter:label1\" content=\"Est. reading time\" \/>\n\t<meta name=\"twitter:data1\" content=\"7 minutes\" \/>\n<script type=\"application\/ld+json\" class=\"yoast-schema-graph\">{\"@context\":\"https:\\\/\\\/schema.org\",\"@graph\":[{\"@type\":\"WebPage\",\"@id\":\"http:\\\/\\\/www.darmbakterien-buch.de\\\/en\\\/veranstaltungen-seminare-2015\\\/\",\"url\":\"http:\\\/\\\/www.darmbakterien-buch.de\\\/en\\\/veranstaltungen-seminare-2015\\\/\",\"name\":\"2015 Vortr\u00e4ge, Seminare, Lesungen, Wanderungen und F\u00fchrungen - Darmbakterien als Schl\u00fcssel zur Gesundheit, Dr. Zschocke\",\"isPartOf\":{\"@id\":\"http:\\\/\\\/www.darmbakterien-buch.de\\\/pl\\\/#website\"},\"primaryImageOfPage\":{\"@id\":\"http:\\\/\\\/www.darmbakterien-buch.de\\\/en\\\/veranstaltungen-seminare-2015\\\/#primaryimage\"},\"image\":{\"@id\":\"http:\\\/\\\/www.darmbakterien-buch.de\\\/en\\\/veranstaltungen-seminare-2015\\\/#primaryimage\"},\"thumbnailUrl\":\"http:\\\/\\\/www.Darmbakterien-Buch.de\\\/wp-content\\\/uploads\\\/2015\\\/02\\\/ausverkauft.png\",\"datePublished\":\"2016-01-21T16:37:13+00:00\",\"dateModified\":\"2017-01-02T15:53:24+00:00\",\"breadcrumb\":{\"@id\":\"http:\\\/\\\/www.darmbakterien-buch.de\\\/en\\\/veranstaltungen-seminare-2015\\\/#breadcrumb\"},\"inLanguage\":\"en-US\",\"potentialAction\":[{\"@type\":\"ReadAction\",\"target\":[\"http:\\\/\\\/www.darmbakterien-buch.de\\\/en\\\/veranstaltungen-seminare-2015\\\/\"]}]},{\"@type\":\"ImageObject\",\"inLanguage\":\"en-US\",\"@id\":\"http:\\\/\\\/www.darmbakterien-buch.de\\\/en\\\/veranstaltungen-seminare-2015\\\/#primaryimage\",\"url\":\"http:\\\/\\\/www.Darmbakterien-Buch.de\\\/wp-content\\\/uploads\\\/2015\\\/02\\\/ausverkauft.png\",\"contentUrl\":\"http:\\\/\\\/www.Darmbakterien-Buch.de\\\/wp-content\\\/uploads\\\/2015\\\/02\\\/ausverkauft.png\"},{\"@type\":\"BreadcrumbList\",\"@id\":\"http:\\\/\\\/www.darmbakterien-buch.de\\\/en\\\/veranstaltungen-seminare-2015\\\/#breadcrumb\",\"itemListElement\":[{\"@type\":\"ListItem\",\"position\":1,\"name\":\"Home\",\"item\":\"http:\\\/\\\/www.darmbakterien-buch.de\\\/en\\\/\"},{\"@type\":\"ListItem\",\"position\":2,\"name\":\"2015 Vortr\u00e4ge, Seminare, Lesungen, Wanderungen und F\u00fchrungen\"}]},{\"@type\":\"WebSite\",\"@id\":\"http:\\\/\\\/www.darmbakterien-buch.de\\\/pl\\\/#website\",\"url\":\"http:\\\/\\\/www.darmbakterien-buch.de\\\/pl\\\/\",\"name\":\"Darmbakterien als Schl\u00fcssel zur Gesundheit\",\"description\":\"Buch von Dr. Anne Katharina Zschocke\",\"potentialAction\":[{\"@type\":\"SearchAction\",\"target\":{\"@type\":\"EntryPoint\",\"urlTemplate\":\"http:\\\/\\\/www.darmbakterien-buch.de\\\/pl\\\/?s={search_term_string}\"},\"query-input\":{\"@type\":\"PropertyValueSpecification\",\"valueRequired\":true,\"valueName\":\"search_term_string\"}}],\"inLanguage\":\"en-US\"}]}<\/script>\n<!-- \/ Yoast SEO plugin. -->","yoast_head_json":{"title":"2015 Vortr\u00e4ge, Seminare, Lesungen, Wanderungen und F\u00fchrungen - Darmbakterien als Schl\u00fcssel zur Gesundheit, Dr. Zschocke","robots":{"index":"index","follow":"follow","max-snippet":"max-snippet:-1","max-image-preview":"max-image-preview:large","max-video-preview":"max-video-preview:-1"},"canonical":"http:\/\/www.darmbakterien-buch.de\/en\/veranstaltungen-seminare-2015\/","og_locale":"en_US","og_type":"article","og_title":"2015 Vortr\u00e4ge, Seminare, Lesungen, Wanderungen und F\u00fchrungen - Darmbakterien als Schl\u00fcssel zur Gesundheit, Dr. Zschocke","og_description":"&nbsp; Veranstaltungen Dr. Zschocke &#8211; Stand August 2015 (PDF) SR 2 Radiosendung \u201eFragen an den [&hellip;]","og_url":"http:\/\/www.darmbakterien-buch.de\/en\/veranstaltungen-seminare-2015\/","og_site_name":"Darmbakterien als Schl\u00fcssel zur Gesundheit","article_modified_time":"2017-01-02T15:53:24+00:00","og_image":[{"url":"http:\/\/www.Darmbakterien-Buch.de\/wp-content\/uploads\/2015\/02\/ausverkauft.png","type":"","width":"","height":""}],"twitter_misc":{"Est. reading time":"7 minutes"},"schema":{"@context":"https:\/\/schema.org","@graph":[{"@type":"WebPage","@id":"http:\/\/www.darmbakterien-buch.de\/en\/veranstaltungen-seminare-2015\/","url":"http:\/\/www.darmbakterien-buch.de\/en\/veranstaltungen-seminare-2015\/","name":"2015 Vortr\u00e4ge, Seminare, Lesungen, Wanderungen und F\u00fchrungen - Darmbakterien als Schl\u00fcssel zur Gesundheit, Dr. Zschocke","isPartOf":{"@id":"http:\/\/www.darmbakterien-buch.de\/pl\/#website"},"primaryImageOfPage":{"@id":"http:\/\/www.darmbakterien-buch.de\/en\/veranstaltungen-seminare-2015\/#primaryimage"},"image":{"@id":"http:\/\/www.darmbakterien-buch.de\/en\/veranstaltungen-seminare-2015\/#primaryimage"},"thumbnailUrl":"http:\/\/www.Darmbakterien-Buch.de\/wp-content\/uploads\/2015\/02\/ausverkauft.png","datePublished":"2016-01-21T16:37:13+00:00","dateModified":"2017-01-02T15:53:24+00:00","breadcrumb":{"@id":"http:\/\/www.darmbakterien-buch.de\/en\/veranstaltungen-seminare-2015\/#breadcrumb"},"inLanguage":"en-US","potentialAction":[{"@type":"ReadAction","target":["http:\/\/www.darmbakterien-buch.de\/en\/veranstaltungen-seminare-2015\/"]}]},{"@type":"ImageObject","inLanguage":"en-US","@id":"http:\/\/www.darmbakterien-buch.de\/en\/veranstaltungen-seminare-2015\/#primaryimage","url":"http:\/\/www.Darmbakterien-Buch.de\/wp-content\/uploads\/2015\/02\/ausverkauft.png","contentUrl":"http:\/\/www.Darmbakterien-Buch.de\/wp-content\/uploads\/2015\/02\/ausverkauft.png"},{"@type":"BreadcrumbList","@id":"http:\/\/www.darmbakterien-buch.de\/en\/veranstaltungen-seminare-2015\/#breadcrumb","itemListElement":[{"@type":"ListItem","position":1,"name":"Home","item":"http:\/\/www.darmbakterien-buch.de\/en\/"},{"@type":"ListItem","position":2,"name":"2015 Vortr\u00e4ge, Seminare, Lesungen, Wanderungen und F\u00fchrungen"}]},{"@type":"WebSite","@id":"http:\/\/www.darmbakterien-buch.de\/pl\/#website","url":"http:\/\/www.darmbakterien-buch.de\/pl\/","name":"Darmbakterien als Schl\u00fcssel zur Gesundheit","description":"Buch von Dr. Anne Katharina Zschocke","potentialAction":[{"@type":"SearchAction","target":{"@type":"EntryPoint","urlTemplate":"http:\/\/www.darmbakterien-buch.de\/pl\/?s={search_term_string}"},"query-input":{"@type":"PropertyValueSpecification","valueRequired":true,"valueName":"search_term_string"}}],"inLanguage":"en-US"}]}},"_links":{"self":[{"href":"http:\/\/www.darmbakterien-buch.de\/en\/wp-json\/wp\/v2\/pages\/667","targetHints":{"allow":["GET"]}}],"collection":[{"href":"http:\/\/www.darmbakterien-buch.de\/en\/wp-json\/wp\/v2\/pages"}],"about":[{"href":"http:\/\/www.darmbakterien-buch.de\/en\/wp-json\/wp\/v2\/types\/page"}],"author":[{"embeddable":true,"href":"http:\/\/www.darmbakterien-buch.de\/en\/wp-json\/wp\/v2\/users\/2"}],"replies":[{"embeddable":true,"href":"http:\/\/www.darmbakterien-buch.de\/en\/wp-json\/wp\/v2\/comments?post=667"}],"version-history":[{"count":2,"href":"http:\/\/www.darmbakterien-buch.de\/en\/wp-json\/wp\/v2\/pages\/667\/revisions"}],"predecessor-version":[{"id":794,"href":"http:\/\/www.darmbakterien-buch.de\/en\/wp-json\/wp\/v2\/pages\/667\/revisions\/794"}],"wp:attachment":[{"href":"http:\/\/www.darmbakterien-buch.de\/en\/wp-json\/wp\/v2\/media?parent=667"}],"curies":[{"name":"wp","href":"https:\/\/api.w.org\/{rel}","templated":true}]}}